{"id":6,"date":"2025-12-04T06:21:42","date_gmt":"2025-12-04T06:21:42","guid":{"rendered":"http:\/\/jydcalefaccion.cl.portalesdenegocios.com\/?page_id=6"},"modified":"2026-02-17T17:02:33","modified_gmt":"2026-02-17T17:02:33","slug":"inicio","status":"publish","type":"page","link":"https:\/\/www.jydcalefacciones.cl\/","title":{"rendered":"Inicio"},"content":{"rendered":"<p>[et_pb_section fb_built=\u00bb1&#8243; module_id=\u00bb1&#8243; _builder_version=\u00bb4.22.2&#8243; _module_preset=\u00bbdefault\u00bb custom_margin=\u00bb0px||0px||false|false\u00bb custom_padding=\u00bb0px||0px||false|false\u00bb global_colors_info=\u00bb{}\u00bb][et_pb_row _builder_version=\u00bb4.22.2&#8243; _module_preset=\u00bbdefault\u00bb width=\u00bb100%\u00bb max_width=\u00bb2560px\u00bb custom_margin=\u00bb0px||0px||false|false\u00bb custom_padding=\u00bb0px||0px||false|false\u00bb global_colors_info=\u00bb{}\u00bb][et_pb_column type=\u00bb4_4&#8243; _builder_version=\u00bb4.22.2&#8243; _module_preset=\u00bbdefault\u00bb global_colors_info=\u00bb{}\u00bb][et_pb_slider _builder_version=\u00bb4.22.2&#8243; _module_preset=\u00bbdefault\u00bb custom_margin=\u00bb||||false|false\u00bb custom_padding=\u00bb15%||15%||true|false\u00bb animation_style=\u00bbflip\u00bb animation_direction=\u00bbleft\u00bb animation_duration=\u00bb750ms\u00bb animation_delay=\u00bb300ms\u00bb animation_intensity_flip=\u00bb33%\u00bb animation_speed_curve=\u00bbease\u00bb auto=\u00bbon\u00bb auto_speed=\u00bb6000&#8243; global_colors_info=\u00bb{}\u00bb][et_pb_slide button_text=\u00bbCotizar\u00bb button_link=\u00bb#5&#8243; use_bg_overlay=\u00bboff\u00bb use_text_overlay=\u00bbon\u00bb text_overlay_color=\u00bbrgba(0,0,0,0.68)\u00bb _builder_version=\u00bb4.22.2&#8243; _module_preset=\u00bbdefault\u00bb header_level=\u00bbh4&#8243; header_font=\u00bbMontserrat|500||||||RGBA(255,255,255,0)|\u00bb header_text_align=\u00bbcenter\u00bb header_text_color=\u00bb#ff8600&#8243; header_font_size=\u00bb25px\u00bb header_line_height=\u00bb1.2em\u00bb body_font=\u00bbMontserrat|700|||||||\u00bb body_font_size=\u00bb40px\u00bb body_line_height=\u00bb1.2em\u00bb background_enable_color=\u00bboff\u00bb background_image=\u00bbhttps:\/\/www.jydcalefacciones.cl\/wp-content\/uploads\/2025\/12\/se-ve-un-hombre-arreglando-un-calentador-de-agua-en-una-habitacion-esta-imagen-se-puede-usar-para-mostrar-reparaciones-de-fontaneria-o-mantenimiento-del-hogar-scaled.jpg\u00bb background_enable_image=\u00bbon\u00bb custom_button=\u00bbon\u00bb button_text_size=\u00bb22px\u00bb button_bg_color=\u00bb#ff8600&#8243; custom_padding=\u00bb|15%|15%|15%|false|false\u00bb custom_padding_tablet=\u00bb|15%|15%|15%|false|false\u00bb custom_padding_phone=\u00bb|4%|15%|4%|false|true\u00bb custom_padding_last_edited=\u00bbon|phone\u00bb header_font_size_tablet=\u00bb25px\u00bb header_font_size_phone=\u00bb20px\u00bb header_font_size_last_edited=\u00bbon|phone\u00bb body_font_size_tablet=\u00bb40px\u00bb body_font_size_phone=\u00bb30px\u00bb body_font_size_last_edited=\u00bbon|phone\u00bb body_text_shadow_style=\u00bbpreset1&#8243; global_colors_info=\u00bb{}\u00bb sticky_transition=\u00bbon\u00bb]<\/p>\n<h3 style=\"color: #ff8600 !important;\">Expertos en Calefacci\u00f3n y Gas en Puerto Montt<\/h3>\n<p>Seguridad, eficiencia y soluciones que duran m\u00e1s.<\/p>\n<p>[\/et_pb_slide][et_pb_slide button_text=\u00bbCotiza\u00bb button_link=\u00bb#5&#8243; use_bg_overlay=\u00bboff\u00bb use_text_overlay=\u00bbon\u00bb text_overlay_color=\u00bbrgba(0,0,0,0.68)\u00bb _builder_version=\u00bb4.22.2&#8243; _module_preset=\u00bbdefault\u00bb header_font=\u00bbMontserrat|500|||||||\u00bb header_text_align=\u00bbcenter\u00bb header_text_color=\u00bb#ff8600&#8243; header_font_size=\u00bb25px\u00bb header_line_height=\u00bb1.2em\u00bb body_font=\u00bbMontserrat|700|||||||\u00bb body_font_size=\u00bb40px\u00bb body_line_height=\u00bb1.2em\u00bb background_enable_color=\u00bboff\u00bb background_image=\u00bbhttps:\/\/www.jydcalefacciones.cl\/wp-content\/uploads\/2025\/12\/una-mujer-y-su-perro-sentados-juntos-frente-una-acogedora-chimenea-perfecto-para-ilustrar-la-relajacion-y-el-companerismo-scaled.jpg\u00bb background_enable_image=\u00bbon\u00bb custom_button=\u00bbon\u00bb button_text_size=\u00bb22px\u00bb button_bg_color=\u00bb#ff8600&#8243; custom_padding=\u00bb|15%||15%|false|true\u00bb custom_padding_tablet=\u00bb|15%||15%|false|true\u00bb custom_padding_phone=\u00bb|4%||4%|false|true\u00bb custom_padding_last_edited=\u00bbon|phone\u00bb body_font_size_tablet=\u00bb40px\u00bb body_font_size_phone=\u00bb30px\u00bb body_font_size_last_edited=\u00bbon|phone\u00bb body_text_shadow_style=\u00bbpreset1&#8243; global_colors_info=\u00bb{}\u00bb sticky_transition=\u00bbon\u00bb]<\/p>\n<p>Tu hogar c\u00e1lido y seguro, con t\u00e9cnicos certificados en calefacci\u00f3n.<\/p>\n<p>[\/et_pb_slide][\/et_pb_slider][\/et_pb_column][\/et_pb_row][\/et_pb_section][et_pb_section fb_built=\u00bb1&#8243; _builder_version=\u00bb4.22.2&#8243; _module_preset=\u00bbdefault\u00bb background_color=\u00bb#f2f2f2&#8243; custom_margin=\u00bb0px||0px||true|false\u00bb custom_padding=\u00bb0px||0px||true|false\u00bb bottom_divider_color=\u00bb#ff8600&#8243; global_colors_info=\u00bb{}\u00bb][et_pb_row _builder_version=\u00bb4.22.2&#8243; _module_preset=\u00bbdefault\u00bb custom_margin=\u00bb0px||0px||true|false\u00bb custom_padding=\u00bb2%||2%||true|false\u00bb global_colors_info=\u00bb{}\u00bb][et_pb_column type=\u00bb4_4&#8243; _builder_version=\u00bb4.22.2&#8243; _module_preset=\u00bbdefault\u00bb global_colors_info=\u00bb{}\u00bb][et_pb_text _builder_version=\u00bb4.22.2&#8243; _module_preset=\u00bbdefault\u00bb text_font=\u00bbMontserrat|600|||||||\u00bb text_text_color=\u00bb#ff8600&#8243; text_font_size=\u00bb23px\u00bb text_orientation=\u00bbcenter\u00bb custom_margin=\u00bb1%||1%||true|false\u00bb text_font_size_tablet=\u00bb23px\u00bb text_font_size_phone=\u00bb17px\u00bb text_font_size_last_edited=\u00bbon|phone\u00bb global_colors_info=\u00bb{}\u00bb]<\/p>\n<p>Expertos en calefacci\u00f3n y gas con certificaci\u00f3n SEC<\/p>\n<p>[\/et_pb_text][\/et_pb_column][\/et_pb_row][\/et_pb_section][et_pb_section fb_built=\u00bb1&#8243; module_id=\u00bb2&#8243; _builder_version=\u00bb4.22.2&#8243; _module_preset=\u00bbdefault\u00bb background_color=\u00bb#ff8600&#8243; use_background_color_gradient=\u00bbon\u00bb background_color_gradient_stops=\u00bbrgba(0,0,0,0.35) 0%|rgba(0,0,0,0.35) 100%\u00bb background_color_gradient_overlays_image=\u00bbon\u00bb background_image=\u00bbhttps:\/\/www.jydcalefacciones.cl\/wp-content\/uploads\/2025\/12\/fontanero-profesional-comprobando-un-concepto-de-servicio-de-caldera-de-calderas-y-tuberiasv2-scaled.jpg\u00bb custom_margin=\u00bb||||false|false\u00bb bottom_divider_style=\u00bbwave2&#8243; bottom_divider_color=\u00bb#ff8600&#8243; bottom_divider_height=\u00bb157px\u00bb bottom_divider_height_tablet=\u00bb157px\u00bb bottom_divider_height_phone=\u00bb90px\u00bb bottom_divider_height_last_edited=\u00bbon|phone\u00bb global_colors_info=\u00bb{}\u00bb][et_pb_row column_structure=\u00bb1_2,1_2&#8243; _builder_version=\u00bb4.22.2&#8243; _module_preset=\u00bbdefault\u00bb max_width=\u00bb1245px\u00bb custom_margin=\u00bb3%||||false|false\u00bb global_colors_info=\u00bb{}\u00bb][et_pb_column type=\u00bb1_2&#8243; _builder_version=\u00bb4.22.2&#8243; _module_preset=\u00bbdefault\u00bb global_colors_info=\u00bb{}\u00bb][et_pb_icon font_icon=\u00bb&#xf0c0;||fa||900&#8243; icon_color=\u00bb#FFFFFF\u00bb icon_width=\u00bb60px\u00bb _builder_version=\u00bb4.22.2&#8243; _module_preset=\u00bbdefault\u00bb custom_margin=\u00bb0px||||false|false\u00bb custom_padding=\u00bb3%|2%|3%|2%|true|true\u00bb border_radii=\u00bbon|50%|50%|50%|50%\u00bb border_width_all=\u00bb2px\u00bb border_color_all=\u00bb#FFFFFF\u00bb global_colors_info=\u00bb{}\u00bb][\/et_pb_icon][et_pb_code _builder_version=\u00bb4.22.2&#8243; _module_preset=\u00bbdefault\u00bb background_color=\u00bb#ff8600&#8243; text_orientation=\u00bbcenter\u00bb custom_margin=\u00bb||||false|false\u00bb custom_padding=\u00bb4%|4%|4%|4%|true|true\u00bb border_width_all=\u00bb15px\u00bb border_color_all=\u00bb#FFFFFF\u00bb global_colors_info=\u00bb{}\u00bb]<\/p>\n<div style=\"font-family: 'Montserrat', sans-serif; font-size: 18px; color: #fff;\"><!-- [et_pb_line_break_holder] -->  En <\/p>\n<h1 style=\"display:inline-block; margin:0; padding:0; font-family: 'Montserrat', sans-serif; font-size: 16px; color:#fff; font-weight:700;\">JYD CALEFACCI\u00d3N<\/h1>\n<p> somos especialistas en servicio t\u00e9cnico de calefacci\u00f3n en Puerto Montt, ofreciendo soluciones confiables, r\u00e1pidas y profesionales para hogares, empresas, edificios, condominios e instituciones.<!-- [et_pb_line_break_holder] --><\/div>\n<p><!-- [et_pb_line_break_holder] -->[\/et_pb_code][\/et_pb_column][et_pb_column type=\u00bb1_2&#8243; _builder_version=\u00bb4.22.2&#8243; _module_preset=\u00bbdefault\u00bb global_colors_info=\u00bb{}\u00bb][et_pb_code _builder_version=\u00bb4.22.2&#8243; _module_preset=\u00bbdefault\u00bb width=\u00bb100%\u00bb module_alignment=\u00bbcenter\u00bb custom_margin=\u00bb2%||||false|false\u00bb global_colors_info=\u00bb{}\u00bb]<video controls autoplay muted loop style=\"width:100%; max-width:800px; display:block; margin:0 auto; border-radius:12px;\"><!-- [et_pb_line_break_holder] --><source src=\"https:\/\/www.jydcalefacciones.cl\/wp-content\/uploads\/2025\/12\/video-2001409-2816188698.m4v\" type=\"video\/mp4\"><!-- [et_pb_line_break_holder] -->  Tu navegador no soporta la reproducci\u00f3n de video.<!-- [et_pb_line_break_holder] --><\/video><!-- [et_pb_line_break_holder] -->[\/et_pb_code][\/et_pb_column][\/et_pb_row][et_pb_row _builder_version=\u00bb4.22.2&#8243; _module_preset=\u00bbdefault\u00bb custom_margin=\u00bb3%||6%||false|false\u00bb global_colors_info=\u00bb{}\u00bb][et_pb_column type=\u00bb4_4&#8243; _builder_version=\u00bb4.22.2&#8243; _module_preset=\u00bbdefault\u00bb global_colors_info=\u00bb{}\u00bb][et_pb_text _builder_version=\u00bb4.22.2&#8243; _module_preset=\u00bbdefault\u00bb text_font=\u00bbMontserrat|700|||||||\u00bb text_text_color=\u00bb#FFFFFF\u00bb text_font_size=\u00bb30px\u00bb text_line_height=\u00bb1.8em\u00bb text_orientation=\u00bbcenter\u00bb custom_margin=\u00bb||0px||false|false\u00bb custom_margin_tablet=\u00bb||0px||false|false\u00bb custom_margin_phone=\u00bb|0px|0px|0px|false|false\u00bb custom_margin_last_edited=\u00bbon|phone\u00bb custom_padding=\u00bb||0px||false|false\u00bb custom_padding_tablet=\u00bb||0px||false|false\u00bb custom_padding_phone=\u00bb|0px|0px|0px|false|false\u00bb custom_padding_last_edited=\u00bbon|phone\u00bb text_font_size_tablet=\u00bb30px\u00bb text_font_size_phone=\u00bb24px\u00bb text_font_size_last_edited=\u00bbon|phone\u00bb text_line_height_tablet=\u00bb1.8em\u00bb text_line_height_phone=\u00bb1.5em\u00bb text_line_height_last_edited=\u00bbon|phone\u00bb global_colors_info=\u00bb{}\u00bb]<\/p>\n<p>\u00a1Cont\u00e1ctanos por WhatsApp para agendar tu visita t\u00e9cnica de forma r\u00e1pida y segura!<\/p>\n<p>[\/et_pb_text][et_pb_button button_url=\u00bb#5&#8243; button_text=\u00bbCotiza con nosotros\u00bb button_alignment=\u00bbcenter\u00bb _builder_version=\u00bb4.22.2&#8243; _module_preset=\u00bbdefault\u00bb custom_button=\u00bbon\u00bb button_text_size=\u00bb23px\u00bb button_text_color=\u00bb#FFFFFF\u00bb button_bg_color=\u00bb#ff8600&#8243; button_border_width=\u00bb5px\u00bb button_font=\u00bbMontserrat||||on||||\u00bb button_icon=\u00bb&#x24;||divi||400&#8243; button_icon_color=\u00bb#FFFFFF\u00bb button_on_hover=\u00bboff\u00bb custom_margin=\u00bb2%||||false|false\u00bb custom_margin_tablet=\u00bb2%||||false|false\u00bb custom_margin_phone=\u00bb8%||||false|false\u00bb custom_margin_last_edited=\u00bbon|phone\u00bb button_text_size_tablet=\u00bb23px\u00bb button_text_size_phone=\u00bb20px\u00bb button_text_size_last_edited=\u00bbon|phone\u00bb button_text_shadow_style=\u00bbpreset1&#8243; button_text_shadow_color=\u00bbRGBA(255,255,255,0)\u00bb global_colors_info=\u00bb{}\u00bb][\/et_pb_button][\/et_pb_column][\/et_pb_row][\/et_pb_section][et_pb_section fb_built=\u00bb1&#8243; _builder_version=\u00bb4.22.2&#8243; _module_preset=\u00bbdefault\u00bb background_color=\u00bb#FFFFFF\u00bb top_divider_style=\u00bbwave\u00bb top_divider_color=\u00bb#ff8600&#8243; top_divider_height=\u00bb142px\u00bb top_divider_height_tablet=\u00bb142px\u00bb top_divider_height_phone=\u00bb68px\u00bb top_divider_height_last_edited=\u00bbon|phone\u00bb global_colors_info=\u00bb{}\u00bb][et_pb_row column_structure=\u00bb1_2,1_2&#8243; custom_padding_last_edited=\u00bbon|phone\u00bb _builder_version=\u00bb4.22.2&#8243; _module_preset=\u00bbdefault\u00bb max_width=\u00bb1245px\u00bb custom_margin=\u00bb5%||3%||false|false\u00bb custom_margin_tablet=\u00bb5%||3%||false|false\u00bb custom_margin_phone=\u00bb5%||0%||false|false\u00bb custom_margin_last_edited=\u00bbon|phone\u00bb custom_padding_tablet=\u00bb\u00bb custom_padding_phone=\u00bb||0px||false|false\u00bb global_colors_info=\u00bb{}\u00bb][et_pb_column type=\u00bb1_2&#8243; _builder_version=\u00bb4.22.2&#8243; _module_preset=\u00bbdefault\u00bb global_colors_info=\u00bb{}\u00bb][et_pb_toggle title=\u00bbSERVICIO INTEGRAL\u00bb open_toggle_text_color=\u00bb#FFFFFF\u00bb icon_color=\u00bb#FFFFFF\u00bb toggle_icon=\u00bb&#x47;||divi||400&#8243; use_icon_font_size=\u00bbon\u00bb icon_font_size=\u00bb21px\u00bb open_icon_color=\u00bb#FFFFFF\u00bb open_toggle_icon=\u00bb&#x46;||divi||400&#8243; open_use_icon_font_size=\u00bbon\u00bb open_icon_font_size=\u00bb21px\u00bb module_class=\u00bbtitulo-izquierda\u00bb _builder_version=\u00bb4.22.2&#8243; _module_preset=\u00bbdefault\u00bb title_text_color=\u00bb#FFFFFF\u00bb title_level=\u00bbh2&#8243; title_font=\u00bbMontserrat|600|||on||||\u00bb body_font=\u00bbMontserrat||||||||\u00bb body_text_color=\u00bb#FFFFFF\u00bb body_font_size=\u00bb16px\u00bb background_color=\u00bb#ff8600&#8243; width=\u00bb88%\u00bb module_alignment=\u00bbcenter\u00bb animation_style=\u00bbslide\u00bb animation_direction=\u00bbleft\u00bb title_font_size_tablet=\u00bb\u00bb title_font_size_phone=\u00bb21px\u00bb title_font_size_last_edited=\u00bbon|phone\u00bb border_width_all=\u00bb6px\u00bb border_color_all=\u00bbrgba(0,0,0,0.52)\u00bb global_colors_info=\u00bb{}\u00bb]<\/p>\n<p>Realizamos reparaci\u00f3n de calefont, reparaci\u00f3n de calderas, mantenci\u00f3n de estufas a pellet, renovaci\u00f3n del Sello Verde Gas e inspecci\u00f3n de gas, asegurando un funcionamiento seguro, eficiente y certificado.<\/p>\n<p>[\/et_pb_toggle][\/et_pb_column][et_pb_column type=\u00bb1_2&#8243; _builder_version=\u00bb4.22.2&#8243; _module_preset=\u00bbdefault\u00bb global_colors_info=\u00bb{}\u00bb][et_pb_toggle title=\u00bbT\u00c9CNICOS CERTIFICADOS\u00bb open_toggle_text_color=\u00bb#FFFFFF\u00bb icon_color=\u00bb#FFFFFF\u00bb toggle_icon=\u00bb&#x47;||divi||400&#8243; use_icon_font_size=\u00bbon\u00bb icon_font_size=\u00bb21px\u00bb open_icon_color=\u00bb#FFFFFF\u00bb open_toggle_icon=\u00bb&#x46;||divi||400&#8243; open_use_icon_font_size=\u00bbon\u00bb open_icon_font_size=\u00bb21px\u00bb module_class=\u00bbtitulo-izquierda\u00bb _builder_version=\u00bb4.22.2&#8243; _module_preset=\u00bbdefault\u00bb title_text_color=\u00bb#FFFFFF\u00bb title_level=\u00bbh2&#8243; title_font=\u00bbMontserrat|600|||on||||\u00bb body_font=\u00bbMontserrat||||||||\u00bb body_text_color=\u00bb#FFFFFF\u00bb body_font_size=\u00bb16px\u00bb background_color=\u00bb#ff8600&#8243; width=\u00bb88%\u00bb module_alignment=\u00bbcenter\u00bb custom_margin_tablet=\u00bb\u00bb custom_margin_phone=\u00bb||10%||false|false\u00bb custom_margin_last_edited=\u00bbon|phone\u00bb custom_padding_tablet=\u00bb\u00bb custom_padding_phone=\u00bb||||false|false\u00bb custom_padding_last_edited=\u00bbon|phone\u00bb animation_style=\u00bbslide\u00bb animation_direction=\u00bbright\u00bb title_font_size_tablet=\u00bb\u00bb title_font_size_phone=\u00bb21px\u00bb title_font_size_last_edited=\u00bbon|phone\u00bb border_width_all=\u00bb6px\u00bb border_color_all=\u00bbrgba(0,0,0,0.52)\u00bb global_colors_info=\u00bb{}\u00bb]<\/p>\n<p><span>Trabajamos con t\u00e9cnicos certificados y con amplia experiencia en instalaciones y mantenciones de equipos a gas y pellet, asegurando un servicio de alta calidad respaldado por est\u00e1ndares de seguridad.<\/span><\/p>\n<p>[\/et_pb_toggle][\/et_pb_column][\/et_pb_row][et_pb_row column_structure=\u00bb1_2,1_2&#8243; custom_padding_last_edited=\u00bbon|phone\u00bb _builder_version=\u00bb4.22.2&#8243; _module_preset=\u00bbdefault\u00bb max_width=\u00bb1245px\u00bb custom_margin=\u00bb||3%||false|false\u00bb custom_margin_tablet=\u00bb||3%||false|false\u00bb custom_margin_phone=\u00bb0px||0%||false|false\u00bb custom_margin_last_edited=\u00bbon|phone\u00bb custom_padding_tablet=\u00bb\u00bb custom_padding_phone=\u00bb0px||0px||false|false\u00bb global_colors_info=\u00bb{}\u00bb][et_pb_column type=\u00bb1_2&#8243; _builder_version=\u00bb4.22.2&#8243; _module_preset=\u00bbdefault\u00bb global_colors_info=\u00bb{}\u00bb][et_pb_toggle title=\u00bbCOBERTURA\u00bb open_toggle_text_color=\u00bb#FFFFFF\u00bb icon_color=\u00bb#FFFFFF\u00bb toggle_icon=\u00bb&#x47;||divi||400&#8243; use_icon_font_size=\u00bbon\u00bb icon_font_size=\u00bb21px\u00bb open_icon_color=\u00bb#FFFFFF\u00bb open_toggle_icon=\u00bb&#x46;||divi||400&#8243; open_use_icon_font_size=\u00bbon\u00bb open_icon_font_size=\u00bb21px\u00bb module_class=\u00bbtitulo-izquierda\u00bb _builder_version=\u00bb4.22.2&#8243; _module_preset=\u00bbdefault\u00bb title_text_color=\u00bb#FFFFFF\u00bb title_level=\u00bbh2&#8243; title_font=\u00bbMontserrat|600|||on||||\u00bb body_font=\u00bbMontserrat||||||||\u00bb body_text_color=\u00bb#FFFFFF\u00bb body_font_size=\u00bb16px\u00bb background_color=\u00bb#ff8600&#8243; width=\u00bb88%\u00bb module_alignment=\u00bbcenter\u00bb animation_style=\u00bbslide\u00bb animation_direction=\u00bbleft\u00bb title_font_size_tablet=\u00bb\u00bb title_font_size_phone=\u00bb21px\u00bb title_font_size_last_edited=\u00bbon|phone\u00bb border_width_all=\u00bb6px\u00bb border_color_all=\u00bbrgba(0,0,0,0.52)\u00bb global_colors_info=\u00bb{}\u00bb]<\/p>\n<p><span>Ofrecemos servicio en Puerto Montt y comunas cercanas, Nuestro equipo est\u00e1 disponible para brindar soluciones eficientes y de calidad en toda la zona.<\/span><\/p>\n<p>[\/et_pb_toggle][\/et_pb_column][et_pb_column type=\u00bb1_2&#8243; _builder_version=\u00bb4.22.2&#8243; _module_preset=\u00bbdefault\u00bb global_colors_info=\u00bb{}\u00bb][et_pb_toggle title=\u00bbCONFIANZA TOTAL\u00bb open_toggle_text_color=\u00bb#FFFFFF\u00bb icon_color=\u00bb#FFFFFF\u00bb toggle_icon=\u00bb&#x47;||divi||400&#8243; use_icon_font_size=\u00bbon\u00bb icon_font_size=\u00bb21px\u00bb open_icon_color=\u00bb#FFFFFF\u00bb open_toggle_icon=\u00bb&#x46;||divi||400&#8243; open_use_icon_font_size=\u00bbon\u00bb open_icon_font_size=\u00bb21px\u00bb module_class=\u00bbtitulo-izquierda\u00bb _builder_version=\u00bb4.22.2&#8243; _module_preset=\u00bbdefault\u00bb title_text_color=\u00bb#FFFFFF\u00bb title_level=\u00bbh2&#8243; title_font=\u00bbMontserrat|600|||on||||\u00bb title_font_size=\u00bb21px\u00bb body_font=\u00bbMontserrat||||||||\u00bb body_text_color=\u00bb#FFFFFF\u00bb body_font_size=\u00bb16px\u00bb background_color=\u00bb#ff8600&#8243; width=\u00bb88%\u00bb module_alignment=\u00bbcenter\u00bb custom_margin_tablet=\u00bb\u00bb custom_margin_phone=\u00bb||10%||false|false\u00bb custom_margin_last_edited=\u00bbon|phone\u00bb animation_style=\u00bbslide\u00bb animation_direction=\u00bbright\u00bb title_text_align_tablet=\u00bb\u00bb title_text_align_phone=\u00bb\u00bb title_text_align_last_edited=\u00bbon|phone\u00bb border_width_all=\u00bb6px\u00bb border_color_all=\u00bbrgba(0,0,0,0.52)\u00bb global_colors_info=\u00bb{}\u00bb]<\/p>\n<p><span>Ofrecemos atenci\u00f3n r\u00e1pida, diagn\u00f3sticos precisos y trabajos garantizados. Adem\u00e1s, nos comprometemos a entregar un servicio confiable y eficiente para asegurar la total satisfacci\u00f3n de nuestros clientes.<\/span><\/p>\n<p>[\/et_pb_toggle][\/et_pb_column][\/et_pb_row][et_pb_row column_structure=\u00bb1_2,1_2&#8243; custom_padding_last_edited=\u00bbon|phone\u00bb _builder_version=\u00bb4.22.2&#8243; _module_preset=\u00bbdefault\u00bb max_width=\u00bb1245px\u00bb custom_margin=\u00bb||3%||false|false\u00bb custom_margin_tablet=\u00bb||3%||false|false\u00bb custom_margin_phone=\u00bb0px||0%||false|false\u00bb custom_margin_last_edited=\u00bbon|phone\u00bb custom_padding_tablet=\u00bb\u00bb custom_padding_phone=\u00bb0px||0px||false|false\u00bb global_colors_info=\u00bb{}\u00bb][et_pb_column type=\u00bb1_2&#8243; _builder_version=\u00bb4.22.2&#8243; _module_preset=\u00bbdefault\u00bb global_colors_info=\u00bb{}\u00bb][et_pb_toggle title=\u00bbSERVICIO T\u00c9CNICO AUTORIZADO\u00bb open_toggle_text_color=\u00bb#FFFFFF\u00bb icon_color=\u00bb#FFFFFF\u00bb toggle_icon=\u00bb&#x47;||divi||400&#8243; use_icon_font_size=\u00bbon\u00bb icon_font_size=\u00bb21px\u00bb open_icon_color=\u00bb#FFFFFF\u00bb open_toggle_icon=\u00bb&#x46;||divi||400&#8243; open_use_icon_font_size=\u00bbon\u00bb open_icon_font_size=\u00bb21px\u00bb module_class=\u00bbtitulo-izquierda\u00bb _builder_version=\u00bb4.22.2&#8243; _module_preset=\u00bbdefault\u00bb title_text_color=\u00bb#FFFFFF\u00bb title_level=\u00bbh2&#8243; title_font=\u00bbMontserrat|600|||on||||\u00bb body_font=\u00bbMontserrat||||||||\u00bb body_text_color=\u00bb#FFFFFF\u00bb body_font_size=\u00bb16px\u00bb background_color=\u00bb#ff8600&#8243; width=\u00bb88%\u00bb module_alignment=\u00bbcenter\u00bb animation_style=\u00bbslide\u00bb animation_direction=\u00bbleft\u00bb title_font_size_tablet=\u00bb\u00bb title_font_size_phone=\u00bb21px\u00bb title_font_size_last_edited=\u00bbon|phone\u00bb border_width_all=\u00bb6px\u00bb border_color_all=\u00bbrgba(0,0,0,0.52)\u00bb global_colors_info=\u00bb{}\u00bb]<\/p>\n<div style=\"display: flex; align-items: center; gap: 18px;\">\n<p><img decoding=\"async\" src=\"https:\/\/www.jydcalefacciones.cl\/wp-content\/uploads\/2025\/12\/LOGO_URSUS_NEGRO.png\" alt=\"Logo Ursus\" style=\"height: 90px;\" \/><\/p>\n<p>&nbsp;<\/p>\n<p><img decoding=\"async\" src=\"https:\/\/www.jydcalefacciones.cl\/wp-content\/uploads\/2025\/12\/Junkers-Logo.png\" alt=\"Logo Junkers\" style=\"height: 90px; margin-top: 10px;\" \/><\/p>\n<\/div>\n<p>[\/et_pb_toggle][\/et_pb_column][et_pb_column type=\u00bb1_2&#8243; _builder_version=\u00bb4.22.2&#8243; _module_preset=\u00bbdefault\u00bb global_colors_info=\u00bb{}\u00bb][et_pb_toggle title=\u00bbATENDEMOS TODAS LAS MARCAS\u00bb open_toggle_text_color=\u00bb#FFFFFF\u00bb icon_color=\u00bb#FFFFFF\u00bb toggle_icon=\u00bb&#x47;||divi||400&#8243; use_icon_font_size=\u00bbon\u00bb icon_font_size=\u00bb21px\u00bb open_icon_color=\u00bb#FFFFFF\u00bb open_toggle_icon=\u00bb&#x46;||divi||400&#8243; open_use_icon_font_size=\u00bbon\u00bb open_icon_font_size=\u00bb21px\u00bb module_class=\u00bbtitulo-izquierda\u00bb _builder_version=\u00bb4.22.2&#8243; _module_preset=\u00bbdefault\u00bb title_text_color=\u00bb#FFFFFF\u00bb title_level=\u00bbh2&#8243; title_font=\u00bbMontserrat|600|||on||||\u00bb body_font=\u00bbMontserrat||||||||\u00bb body_text_color=\u00bb#FFFFFF\u00bb body_font_size=\u00bb16px\u00bb background_color=\u00bb#ff8600&#8243; width=\u00bb88%\u00bb module_alignment=\u00bbcenter\u00bb animation_style=\u00bbslide\u00bb animation_direction=\u00bbright\u00bb title_font_size_tablet=\u00bb\u00bb title_font_size_phone=\u00bb21px\u00bb title_font_size_last_edited=\u00bbon|phone\u00bb border_width_all=\u00bb6px\u00bb border_color_all=\u00bbrgba(0,0,0,0.52)\u00bb global_colors_info=\u00bb{}\u00bb]<\/p>\n<div style=\"display: flex; flex-wrap: wrap; gap: 25px; justify-content: center; margin-top: 3%;\">\n<div style=\"width: 140px; height: 90px; display: flex; align-items: center; justify-content: center;\"><img decoding=\"async\" src=\"https:\/\/www.jydcalefacciones.cl\/wp-content\/uploads\/2025\/12\/images.png\" style=\"max-width: 100%; max-height: 100%; object-fit: contain;\" \/><\/div>\n<div style=\"width: 140px; height: 90px; display: flex; align-items: center; justify-content: center;\"><img decoding=\"async\" src=\"https:\/\/www.jydcalefacciones.cl\/wp-content\/uploads\/2025\/12\/mademsa-logo-white-p-500.png\" style=\"max-width: 100%; max-height: 100%; object-fit: contain;\" \/><\/div>\n<div style=\"width: 140px; height: 90px; display: flex; align-items: center; justify-content: center;\"><img decoding=\"async\" src=\"https:\/\/www.jydcalefacciones.cl\/wp-content\/uploads\/2025\/12\/Logo-socios-Inostronica-aire-acondicionado.png\" style=\"max-width: 100%; max-height: 100%; object-fit: contain;\" \/><\/div>\n<div style=\"width: 140px; height: 90px; display: flex; align-items: center; justify-content: center;\"><img decoding=\"async\" src=\"https:\/\/www.jydcalefacciones.cl\/wp-content\/uploads\/2025\/12\/logo-winter-yoast.png\" style=\"max-width: 100%; max-height: 100%; object-fit: contain;\" \/><\/div>\n<div style=\"width: 140px; height: 90px; display: flex; align-items: center; justify-content: center;\"><img decoding=\"async\" src=\"https:\/\/www.jydcalefacciones.cl\/wp-content\/uploads\/2025\/12\/channels4_profile.jpg\" style=\"max-width: 100%; max-height: 100%; object-fit: contain;\" \/><\/div>\n<div style=\"width: 140px; height: 90px; display: flex; align-items: center; justify-content: center;\"><img decoding=\"async\" src=\"https:\/\/www.jydcalefacciones.cl\/wp-content\/uploads\/2025\/12\/image149.png\" style=\"max-width: 100%; max-height: 100%; object-fit: contain;\" \/><\/div>\n<div style=\"width: 140px; height: 90px; display: flex; align-items: center; justify-content: center;\"><img decoding=\"async\" src=\"https:\/\/www.jydcalefacciones.cl\/wp-content\/uploads\/2025\/12\/logo-NECKAR.png\" style=\"max-width: 100%; max-height: 100%; object-fit: contain;\" \/><\/div>\n<div style=\"width: 140px; height: 90px; display: flex; align-items: center; justify-content: center;\"><img decoding=\"async\" src=\"https:\/\/www.jydcalefacciones.cl\/wp-content\/uploads\/2025\/12\/logo-logoorbis.png\" style=\"max-width: 100%; max-height: 120%; object-fit: contain;\" \/><\/div>\n<\/div>\n<p>[\/et_pb_toggle][\/et_pb_column][\/et_pb_row][\/et_pb_section][et_pb_section fb_built=\u00bb1&#8243; module_id=\u00bb3&#8243; _builder_version=\u00bb4.22.2&#8243; _module_preset=\u00bbdefault\u00bb custom_margin=\u00bb||0px||false|false\u00bb custom_padding=\u00bb||0px||false|false\u00bb global_colors_info=\u00bb{}\u00bb][et_pb_row _builder_version=\u00bb4.22.2&#8243; _module_preset=\u00bbdefault\u00bb background_color=\u00bb#ff8600&#8243; width=\u00bb100%\u00bb max_width=\u00bb2560px\u00bb custom_margin=\u00bb||0px||false|false\u00bb custom_padding=\u00bb||||false|false\u00bb global_colors_info=\u00bb{}\u00bb][et_pb_column type=\u00bb4_4&#8243; _builder_version=\u00bb4.22.2&#8243; _module_preset=\u00bbdefault\u00bb global_colors_info=\u00bb{}\u00bb][et_pb_text _builder_version=\u00bb4.22.2&#8243; _module_preset=\u00bbdefault\u00bb text_font=\u00bb|800|||||||\u00bb text_text_color=\u00bb#FFFFFF\u00bb header_2_font=\u00bbMontserrat|500|||||||\u00bb header_2_text_align=\u00bbcenter\u00bb header_2_text_color=\u00bb#FFFFFF\u00bb header_2_font_size=\u00bb38px\u00bb header_2_letter_spacing=\u00bb4px\u00bb custom_margin=\u00bb10px||||false|false\u00bb custom_margin_tablet=\u00bb10px||||false|false\u00bb custom_margin_phone=\u00bb1px||0px||false|false\u00bb custom_margin_last_edited=\u00bbon|phone\u00bb custom_padding_tablet=\u00bb\u00bb custom_padding_phone=\u00bb\u00bb custom_padding_last_edited=\u00bbon|phone\u00bb header_2_font_size_tablet=\u00bb38px\u00bb header_2_font_size_phone=\u00bb35px\u00bb header_2_font_size_last_edited=\u00bbon|phone\u00bb header_2_text_shadow_style=\u00bbpreset1&#8243; global_colors_info=\u00bb{}\u00bb]<\/p>\n<h2>Nosotros<\/h2>\n<p>[\/et_pb_text][\/et_pb_column][\/et_pb_row][\/et_pb_section][et_pb_section fb_built=\u00bb1&#8243; _builder_version=\u00bb4.22.2&#8243; _module_preset=\u00bbdefault\u00bb custom_margin=\u00bb0px||0px||false|false\u00bb custom_padding=\u00bb0px||0px||false|false\u00bb global_colors_info=\u00bb{}\u00bb][et_pb_row column_structure=\u00bb1_2,1_2&#8243; _builder_version=\u00bb4.22.2&#8243; _module_preset=\u00bbdefault\u00bb width=\u00bb100%\u00bb max_width=\u00bb2560px\u00bb custom_margin=\u00bb0px||0px||false|false\u00bb custom_padding=\u00bb0px||0px||false|false\u00bb global_colors_info=\u00bb{}\u00bb][et_pb_column type=\u00bb1_2&#8243; _builder_version=\u00bb4.22.2&#8243; _module_preset=\u00bbdefault\u00bb global_colors_info=\u00bb{}\u00bb][et_pb_blurb use_icon=\u00bbon\u00bb font_icon=\u00bb&#xe0dd;||divi||400&#8243; icon_color=\u00bb#ff8600&#8243; image_icon_width=\u00bb32px\u00bb icon_alignment=\u00bbleft\u00bb _builder_version=\u00bb4.22.2&#8243; _module_preset=\u00bbdefault\u00bb body_font=\u00bbMontserrat||||||||\u00bb body_text_color=\u00bb#727272&#8243; body_font_size=\u00bb16px\u00bb image_icon_custom_padding=\u00bb25%|30%|30%|30%|false|true\u00bb custom_margin=\u00bb10%|||20%|false|false\u00bb custom_margin_tablet=\u00bb10%|||20%|false|false\u00bb custom_margin_phone=\u00bb10%|10%||10%|false|true\u00bb custom_margin_last_edited=\u00bbon|phone\u00bb custom_padding=\u00bb4%|4%|4%|4%|true|true\u00bb custom_padding_tablet=\u00bb4%|4%|4%|4%|true|true\u00bb custom_padding_phone=\u00bb2%|2%|2%|2%|true|true\u00bb custom_padding_last_edited=\u00bbon|phone\u00bb header_text_align_tablet=\u00bb\u00bb header_text_align_phone=\u00bbcenter\u00bb header_text_align_last_edited=\u00bbon|phone\u00bb text_orientation_tablet=\u00bb\u00bb text_orientation_phone=\u00bbcenter\u00bb text_orientation_last_edited=\u00bbon|phone\u00bb border_width_all=\u00bb15px\u00bb border_color_all=\u00bb#ff8600&#8243; border_radii_image=\u00bbon|50%|50%|50%|50%\u00bb border_width_all_image=\u00bb2px\u00bb border_color_all_image=\u00bb#ff8600&#8243; global_colors_info=\u00bb{}\u00bb]<\/p>\n<p data-start=\"385\" data-end=\"583\">En JYD CALEFACCI\u00d3N somos especialistas certificados SEC, dedicados a brindar soluciones integrales en calefacci\u00f3n y gas para clientes residenciales y comerciales en Puerto Montt y sus alrededores.<\/p>\n<p data-start=\"585\" data-end=\"967\">Nuestro compromiso es entregar un servicio t\u00e9cnico confiable, transparente y de alta calidad, respaldado por t\u00e9cnicos certificados. M\u00e1s de 15 a\u00f1os de experiencia en el rubro nos avalan. Nos especializamos en la instalaci\u00f3n, reparaci\u00f3n y mantenci\u00f3n de sistemas de calefacci\u00f3n; renovaci\u00f3n del Sello Verde Gas; estufas a pellet; equipos de agua caliente sanitaria; e inspecci\u00f3n de gas.<\/p>\n<p data-start=\"969\" data-end=\"1150\">Trabajamos bajo normativas SEC, con est\u00e1ndares de seguridad estrictos y una atenci\u00f3n orientada al cliente, asegurando resultados duraderos y un funcionamiento \u00f3ptimo de tus equipos.<\/p>\n<p>[\/et_pb_blurb][\/et_pb_column][et_pb_column type=\u00bb1_2&#8243; _builder_version=\u00bb4.22.2&#8243; _module_preset=\u00bbdefault\u00bb background_image=\u00bbhttps:\/\/www.jydcalefacciones.cl\/wp-content\/uploads\/2025\/12\/1000048818.png\u00bb global_colors_info=\u00bb{}\u00bb][et_pb_divider show_divider=\u00bboff\u00bb _builder_version=\u00bb4.22.2&#8243; _module_preset=\u00bbdefault\u00bb custom_margin=\u00bb50%||50%||true|false\u00bb global_colors_info=\u00bb{}\u00bb][\/et_pb_divider][\/et_pb_column][\/et_pb_row][\/et_pb_section][et_pb_section fb_built=\u00bb1&#8243; _builder_version=\u00bb4.22.2&#8243; _module_preset=\u00bbdefault\u00bb background_color=\u00bb#ff8600&#8243; background_enable_image=\u00bboff\u00bb global_colors_info=\u00bb{}\u00bb][et_pb_row _builder_version=\u00bb4.22.2&#8243; _module_preset=\u00bbdefault\u00bb max_width=\u00bb1245px\u00bb custom_margin=\u00bb0px||0px||false|false\u00bb custom_padding=\u00bb0px||0px||false|false\u00bb animation_style=\u00bbfade\u00bb animation_duration=\u00bb1200ms\u00bb animation_delay=\u00bb150ms\u00bb animation_speed_curve=\u00bblinear\u00bb global_colors_info=\u00bb{}\u00bb][et_pb_column type=\u00bb4_4&#8243; _builder_version=\u00bb4.22.2&#8243; _module_preset=\u00bbdefault\u00bb global_colors_info=\u00bb{}\u00bb][et_pb_text _builder_version=\u00bb4.22.2&#8243; _module_preset=\u00bbdefault\u00bb text_font=\u00bbMontserrat|700|||||||\u00bb text_text_color=\u00bb#FFFFFF\u00bb text_font_size=\u00bb30px\u00bb text_line_height=\u00bb1.8em\u00bb text_orientation=\u00bbcenter\u00bb custom_margin=\u00bb0px||0px||false|false\u00bb custom_padding=\u00bb0px||0px||false|false\u00bb text_font_size_tablet=\u00bb30px\u00bb text_font_size_phone=\u00bb20px\u00bb text_font_size_last_edited=\u00bbon|phone\u00bb global_colors_info=\u00bb{}\u00bb]<\/p>\n<p>Nuestra prioridad es tu tranquilidad<\/p>\n<p>[\/et_pb_text][et_pb_text _builder_version=\u00bb4.22.2&#8243; _module_preset=\u00bbdefault\u00bb text_font=\u00bbMontserrat|700|||||||\u00bb text_text_color=\u00bb#FFFFFF\u00bb text_font_size=\u00bb30px\u00bb text_line_height=\u00bb1.3em\u00bb text_orientation=\u00bbcenter\u00bb custom_margin=\u00bb0px||0px||false|false\u00bb custom_margin_tablet=\u00bb0px||0px||false|false\u00bb custom_margin_phone=\u00bb0px|0px|0px|0px|false|false\u00bb custom_margin_last_edited=\u00bbon|phone\u00bb custom_padding=\u00bb2%||0px||false|false\u00bb custom_padding_tablet=\u00bb2%||0px||false|false\u00bb custom_padding_phone=\u00bb10%|0px|0px|0px|false|false\u00bb custom_padding_last_edited=\u00bbon|phone\u00bb text_font_size_tablet=\u00bb30px\u00bb text_font_size_phone=\u00bb20px\u00bb text_font_size_last_edited=\u00bbon|phone\u00bb text_line_height_tablet=\u00bb1.3em\u00bb text_line_height_phone=\u00bb1.3em\u00bb text_line_height_last_edited=\u00bbon|phone\u00bb header_font_size_tablet=\u00bb\u00bb header_font_size_phone=\u00bb20px\u00bb header_font_size_last_edited=\u00bbon|phone\u00bb global_colors_info=\u00bb{}\u00bb]<\/p>\n<p>Que tu hogar o empresa cuente con un sistema de calefacci\u00f3n seguro, estable, eficiente y listo para enfrentar el clima del sur.<\/p>\n<p>[\/et_pb_text][\/et_pb_column][\/et_pb_row][\/et_pb_section][et_pb_section fb_built=\u00bb1&#8243; _builder_version=\u00bb4.22.2&#8243; _module_preset=\u00bbdefault\u00bb global_colors_info=\u00bb{}\u00bb][et_pb_row column_structure=\u00bb3_5,2_5&#8243; _builder_version=\u00bb4.22.2&#8243; _module_preset=\u00bbdefault\u00bb max_width=\u00bb2560px\u00bb global_colors_info=\u00bb{}\u00bb][et_pb_column type=\u00bb3_5&#8243; _builder_version=\u00bb4.22.2&#8243; _module_preset=\u00bbdefault\u00bb global_colors_info=\u00bb{}\u00bb][et_pb_text _builder_version=\u00bb4.22.2&#8243; _module_preset=\u00bbdefault\u00bb text_font=\u00bbMontserrat||||||||\u00bb text_text_color=\u00bb#FFFFFF\u00bb text_font_size=\u00bb16px\u00bb header_3_font=\u00bbMontserrat|700|||on||||\u00bb header_3_text_align=\u00bbcenter\u00bb header_3_text_color=\u00bb#FFFFFF\u00bb header_3_font_size=\u00bb23px\u00bb header_3_line_height=\u00bb2.2em\u00bb background_color=\u00bbrgba(0,0,0,0.78)\u00bb custom_margin=\u00bb||||false|false\u00bb custom_margin_tablet=\u00bb||||false|false\u00bb custom_margin_phone=\u00bb|0px||0px|false|false\u00bb custom_margin_last_edited=\u00bbon|phone\u00bb custom_padding=\u00bb2%|2%|4%|2%|false|true\u00bb border_width_all=\u00bb15px\u00bb border_color_all=\u00bb#ff8600&#8243; global_colors_info=\u00bb{}\u00bb]<\/p>\n<h3>\u00bfPor qu\u00e9 elegirnos?<\/h3>\n<p>\u2714 <strong>T\u00e9cnicos certificados:<\/strong> Profesionales acreditados y capacitados en calefacci\u00f3n y gas, cumpliendo normativa SEC.<\/p>\n<p>\u2714 <strong>Respuesta r\u00e1pida:<\/strong> Atenci\u00f3n \u00e1gil en Puerto Montt y alrededores para resolver tus necesidades sin esperar.<\/p>\n<p>\u2714 <strong>Diagn\u00f3sticos claros:<\/strong> Explicamos cada paso, sin costos ocultos ni trabajos innecesarios.<\/p>\n<p>\u2714 <strong>Trabajos garantizados:<\/strong> Respaldamos cada servicio con garant\u00eda real y soporte post\u2013servicio.<\/p>\n<p>\u2714 <strong>Experiencia en todas las marcas:<\/strong> Calefont, calderas a gas y estufas a pellet nacionales e internacionales.<\/p>\n<p>\u2714 <strong>Seguridad ante todo:<\/strong> Prioridad absoluta en prevenir riesgos de gas, fallas y emergencias.<\/p>\n<p>[\/et_pb_text][\/et_pb_column][et_pb_column type=\u00bb2_5&#8243; _builder_version=\u00bb4.22.2&#8243; _module_preset=\u00bbdefault\u00bb global_colors_info=\u00bb{}\u00bb][et_pb_image src=\u00bbhttps:\/\/www.jydcalefacciones.cl\/wp-content\/uploads\/2025\/12\/manitas-enfocadas-probando-aire-acondicionado-scaled.jpg\u00bb title_text=\u00bbFocused handyman testing air conditioning on the wall\u00bb _builder_version=\u00bb4.22.2&#8243; _module_preset=\u00bbdefault\u00bb width=\u00bb54%\u00bb module_alignment=\u00bbcenter\u00bb global_colors_info=\u00bb{}\u00bb][\/et_pb_image][\/et_pb_column][\/et_pb_row][\/et_pb_section][et_pb_section fb_built=\u00bb1&#8243; module_id=\u00bb4&#8243; _builder_version=\u00bb4.22.2&#8243; _module_preset=\u00bbdefault\u00bb custom_margin=\u00bb0px||||false|false\u00bb custom_padding=\u00bb0px||||false|false\u00bb global_colors_info=\u00bb{}\u00bb][et_pb_row _builder_version=\u00bb4.22.2&#8243; _module_preset=\u00bbdefault\u00bb background_color=\u00bb#ff8600&#8243; width=\u00bb100%\u00bb max_width=\u00bb2560px\u00bb custom_margin=\u00bb||0px||false|false\u00bb custom_padding=\u00bb||||false|false\u00bb global_colors_info=\u00bb{}\u00bb][et_pb_column type=\u00bb4_4&#8243; _builder_version=\u00bb4.22.2&#8243; _module_preset=\u00bbdefault\u00bb global_colors_info=\u00bb{}\u00bb][et_pb_text _builder_version=\u00bb4.22.2&#8243; _module_preset=\u00bbdefault\u00bb text_font=\u00bb|800|||||||\u00bb text_text_color=\u00bb#FFFFFF\u00bb header_2_font=\u00bbMontserrat|500|||||||\u00bb header_2_text_align=\u00bbcenter\u00bb header_2_text_color=\u00bb#FFFFFF\u00bb header_2_font_size=\u00bb38px\u00bb header_2_letter_spacing=\u00bb4px\u00bb custom_margin=\u00bb10px||||false|false\u00bb custom_margin_tablet=\u00bb10px||||false|false\u00bb custom_margin_phone=\u00bb0px|5%|0px|5%|true|true\u00bb custom_margin_last_edited=\u00bbon|phone\u00bb header_2_font_size_tablet=\u00bb38px\u00bb header_2_font_size_phone=\u00bb35px\u00bb header_2_font_size_last_edited=\u00bbon|phone\u00bb header_2_text_shadow_style=\u00bbpreset1&#8243; global_colors_info=\u00bb{}\u00bb]<\/p>\n<h2>Nuestros Servicios<\/h2>\n<p>[\/et_pb_text][\/et_pb_column][\/et_pb_row][\/et_pb_section][et_pb_section fb_built=\u00bb1&#8243; _builder_version=\u00bb4.22.2&#8243; _module_preset=\u00bbdefault\u00bb custom_margin=\u00bb0px||||false|false\u00bb custom_padding=\u00bb0px||||false|false\u00bb global_colors_info=\u00bb{}\u00bb][et_pb_row column_structure=\u00bb1_2,1_2&#8243; _builder_version=\u00bb4.22.2&#8243; _module_preset=\u00bbdefault\u00bb max_width=\u00bb1245px\u00bb custom_margin=\u00bb||5%||false|false\u00bb animation_style=\u00bbslide\u00bb animation_direction=\u00bbtop\u00bb animation_duration=\u00bb650ms\u00bb animation_delay=\u00bb300ms\u00bb animation_intensity_slide=\u00bb8%\u00bb global_colors_info=\u00bb{}\u00bb][et_pb_column type=\u00bb1_2&#8243; _builder_version=\u00bb4.22.2&#8243; _module_preset=\u00bbdefault\u00bb global_colors_info=\u00bb{}\u00bb][et_pb_image src=\u00bbhttps:\/\/www.jydcalefacciones.cl\/wp-content\/uploads\/2025\/12\/vector_51845-scaled-e1765298737596.jpg\u00bb title_text=\u00bbGas boiler icon in comic style. Heater cartoon vector illustration on isolated background. Boiling splash effect sign business concept.\u00bb _builder_version=\u00bb4.22.2&#8243; _module_preset=\u00bbdefault\u00bb width=\u00bb42%\u00bb width_tablet=\u00bb42%\u00bb width_phone=\u00bb78%\u00bb width_last_edited=\u00bbon|phone\u00bb module_alignment=\u00bbcenter\u00bb custom_margin=\u00bb0px||||false|false\u00bb custom_padding=\u00bb0px||||false|false\u00bb global_colors_info=\u00bb{}\u00bb][\/et_pb_image][\/et_pb_column][et_pb_column type=\u00bb1_2&#8243; _builder_version=\u00bb4.22.2&#8243; _module_preset=\u00bbdefault\u00bb global_colors_info=\u00bb{}\u00bb][et_pb_text _builder_version=\u00bb4.22.2&#8243; _module_preset=\u00bbdefault\u00bb header_3_font=\u00bbMontserrat|700|||||||\u00bb header_3_text_color=\u00bb#727272&#8243; header_3_font_size=\u00bb25px\u00bb custom_margin=\u00bb4%||||false|false\u00bb custom_padding=\u00bb|||3%|false|false\u00bb border_width_left=\u00bb4px\u00bb border_color_left=\u00bb#ff8600&#8243; global_colors_info=\u00bb{}\u00bb]<\/p>\n<h3>Instalaci\u00f3n, Reparaci\u00f3n y Mantenci\u00f3n de Calefont:<\/h3>\n<p>[\/et_pb_text][et_pb_text _builder_version=\u00bb4.22.2&#8243; _module_preset=\u00bbdefault\u00bb text_font=\u00bbMontserrat||||||||\u00bb text_text_color=\u00bb#727272&#8243; text_font_size=\u00bb16px\u00bb global_colors_info=\u00bb{}\u00bb]<\/p>\n<p>Servicio especializado en diagn\u00f3stico y reparaci\u00f3n de calefont de todas las marcas. Solucionamos problemas de encendido, fugas, baja presi\u00f3n, variaciones de temperatura y fallas electr\u00f3nicas.<\/p>\n<p>[\/et_pb_text][\/et_pb_column][\/et_pb_row][et_pb_row column_structure=\u00bb1_2,1_2&#8243; _builder_version=\u00bb4.22.2&#8243; _module_preset=\u00bbdefault\u00bb max_width=\u00bb1245px\u00bb custom_margin=\u00bb||5%||false|false\u00bb animation_style=\u00bbslide\u00bb animation_direction=\u00bbtop\u00bb animation_duration=\u00bb650ms\u00bb animation_delay=\u00bb300ms\u00bb animation_intensity_slide=\u00bb8%\u00bb global_colors_info=\u00bb{}\u00bb][et_pb_column type=\u00bb1_2&#8243; _builder_version=\u00bb4.22.2&#8243; _module_preset=\u00bbdefault\u00bb global_colors_info=\u00bb{}\u00bb][et_pb_text _builder_version=\u00bb4.22.2&#8243; _module_preset=\u00bbdefault\u00bb header_3_font=\u00bbMontserrat|700|||||||\u00bb header_3_text_color=\u00bb#727272&#8243; header_3_font_size=\u00bb25px\u00bb custom_margin=\u00bb7%||||false|false\u00bb custom_padding=\u00bb|||3%|false|false\u00bb border_width_left=\u00bb4px\u00bb border_color_left=\u00bb#ff8600&#8243; global_colors_info=\u00bb{}\u00bb]<\/p>\n<h3>Instalaci\u00f3n, Reparaci\u00f3n y Mantenci\u00f3n de Calderas a Gas:<\/h3>\n<p>[\/et_pb_text][et_pb_text _builder_version=\u00bb4.22.2&#8243; _module_preset=\u00bbdefault\u00bb text_font=\u00bbMontserrat||||||||\u00bb text_text_color=\u00bb#727272&#8243; text_font_size=\u00bb16px\u00bb global_colors_info=\u00bb{}\u00bb]<\/p>\n<p>Atenci\u00f3n profesional para calderas a gas murales y de piso. Mejoramos el rendimiento, evitamos fallas futuras y prolongamos su vida \u00fatil con mantenciones preventivas completas.<\/p>\n<p>[\/et_pb_text][\/et_pb_column][et_pb_column type=\u00bb1_2&#8243; _builder_version=\u00bb4.22.2&#8243; _module_preset=\u00bbdefault\u00bb global_colors_info=\u00bb{}\u00bb][et_pb_image src=\u00bbhttps:\/\/www.jydcalefacciones.cl\/wp-content\/uploads\/2025\/12\/246853661_61b1597a-c828-48f0-8677-087b74500176-scaled-e1765301427987.jpg\u00bb title_text=\u00bbRealistic Vector Illustration of Heating and Cooling Home Appliance\u00bb _builder_version=\u00bb4.22.2&#8243; _module_preset=\u00bbdefault\u00bb width=\u00bb46%\u00bb width_tablet=\u00bb46%\u00bb width_phone=\u00bb90%\u00bb width_last_edited=\u00bbon|phone\u00bb module_alignment=\u00bbcenter\u00bb global_colors_info=\u00bb{}\u00bb][\/et_pb_image][\/et_pb_column][\/et_pb_row][et_pb_row column_structure=\u00bb1_2,1_2&#8243; _builder_version=\u00bb4.22.2&#8243; _module_preset=\u00bbdefault\u00bb max_width=\u00bb1245px\u00bb custom_margin=\u00bb||5%||false|false\u00bb animation_style=\u00bbslide\u00bb animation_direction=\u00bbtop\u00bb animation_duration=\u00bb650ms\u00bb animation_delay=\u00bb300ms\u00bb animation_intensity_slide=\u00bb8%\u00bb global_colors_info=\u00bb{}\u00bb][et_pb_column type=\u00bb1_2&#8243; _builder_version=\u00bb4.22.2&#8243; _module_preset=\u00bbdefault\u00bb global_colors_info=\u00bb{}\u00bb][et_pb_image src=\u00bbhttps:\/\/www.jydcalefacciones.cl\/wp-content\/uploads\/2025\/12\/e587b912-4126-4a8a-ae47-e3b34097ecde-scaled-e1765300646323.jpg\u00bb title_text=\u00bbFireplace, metal fireside. Warm hot fire place, side with burning flames, blaze behind grate. Cozy home furnace, hearth, heat. Flat vector illustration isolated on white background.\u00bb _builder_version=\u00bb4.22.2&#8243; _module_preset=\u00bbdefault\u00bb width=\u00bb53%\u00bb width_tablet=\u00bb53%\u00bb width_phone=\u00bb85%\u00bb width_last_edited=\u00bbon|phone\u00bb module_alignment=\u00bbcenter\u00bb global_colors_info=\u00bb{}\u00bb][\/et_pb_image][\/et_pb_column][et_pb_column type=\u00bb1_2&#8243; _builder_version=\u00bb4.22.2&#8243; _module_preset=\u00bbdefault\u00bb global_colors_info=\u00bb{}\u00bb][et_pb_text _builder_version=\u00bb4.22.2&#8243; _module_preset=\u00bbdefault\u00bb header_3_font=\u00bbMontserrat|700|||||||\u00bb header_3_text_color=\u00bb#727272&#8243; header_3_font_size=\u00bb25px\u00bb custom_margin=\u00bb8%||||false|false\u00bb custom_padding=\u00bb|||3%|false|false\u00bb border_width_left=\u00bb4px\u00bb border_color_left=\u00bb#ff8600&#8243; global_colors_info=\u00bb{}\u00bb]<\/p>\n<h3>Instalaci\u00f3n, Reparaci\u00f3n y Mantenci\u00f3n de Estufas a Pellet:<\/h3>\n<p>[\/et_pb_text][et_pb_text _builder_version=\u00bb4.22.2&#8243; _module_preset=\u00bbdefault\u00bb text_font=\u00bbMontserrat||||||||\u00bb text_text_color=\u00bb#727272&#8243; text_font_size=\u00bb16px\u00bb global_colors_info=\u00bb{}\u00bb]<\/p>\n<p>Mantenci\u00f3n profunda, limpieza, calibraci\u00f3n y reparaci\u00f3n de estufas a pellet, asegurando una combusti\u00f3n eficiente y un funcionamiento \u00f3ptimo en temporada de invierno.<\/p>\n<p>[\/et_pb_text][\/et_pb_column][\/et_pb_row][et_pb_row column_structure=\u00bb1_2,1_2&#8243; _builder_version=\u00bb4.22.2&#8243; _module_preset=\u00bbdefault\u00bb max_width=\u00bb1245px\u00bb custom_margin=\u00bb||5%||false|false\u00bb animation_style=\u00bbslide\u00bb animation_direction=\u00bbtop\u00bb animation_duration=\u00bb650ms\u00bb animation_delay=\u00bb300ms\u00bb animation_intensity_slide=\u00bb8%\u00bb global_colors_info=\u00bb{}\u00bb][et_pb_column type=\u00bb1_2&#8243; _builder_version=\u00bb4.22.2&#8243; _module_preset=\u00bbdefault\u00bb global_colors_info=\u00bb{}\u00bb][et_pb_text _builder_version=\u00bb4.22.2&#8243; _module_preset=\u00bbdefault\u00bb header_3_font=\u00bbMontserrat|700|||||||\u00bb header_3_text_color=\u00bb#727272&#8243; header_3_font_size=\u00bb25px\u00bb custom_margin=\u00bb5%||||false|false\u00bb custom_padding=\u00bb|||3%|false|false\u00bb border_width_left=\u00bb4px\u00bb border_color_left=\u00bb#ff8600&#8243; global_colors_info=\u00bb{}\u00bb]<\/p>\n<h3>Instalaci\u00f3n, Reparaci\u00f3n y Mantenci\u00f3n de Equipos de Aire Acondicionado:<\/h3>\n<p>[\/et_pb_text][et_pb_text _builder_version=\u00bb4.22.2&#8243; _module_preset=\u00bbdefault\u00bb text_font=\u00bbMontserrat||||||||\u00bb text_text_color=\u00bb#727272&#8243; text_font_size=\u00bb16px\u00bb global_colors_info=\u00bb{}\u00bb]<\/p>\n<p>Nos especializamos en la instalaci\u00f3n, reparaci\u00f3n y mantenci\u00f3n de sistemas de aire acondicionado, asegurando un funcionamiento \u00f3ptimo durante todo el a\u00f1o.<\/p>\n<p>[\/et_pb_text][\/et_pb_column][et_pb_column type=\u00bb1_2&#8243; _builder_version=\u00bb4.22.2&#8243; _module_preset=\u00bbdefault\u00bb global_colors_info=\u00bb{}\u00bb][et_pb_image src=\u00bbhttps:\/\/www.jydcalefacciones.cl\/wp-content\/uploads\/2025\/12\/20944202-scaled-e1765299664651.jpg\u00bb title_text=\u00bbAir conditioning and refrigeration services abstract concept vector illustration.\u00bb _builder_version=\u00bb4.22.2&#8243; _module_preset=\u00bbdefault\u00bb width=\u00bb44%\u00bb width_tablet=\u00bb44%\u00bb width_phone=\u00bb68%\u00bb width_last_edited=\u00bbon|phone\u00bb module_alignment=\u00bbcenter\u00bb custom_margin=\u00bb0px||||false|false\u00bb custom_padding=\u00bb0px||||false|false\u00bb global_colors_info=\u00bb{}\u00bb][\/et_pb_image][\/et_pb_column][\/et_pb_row][et_pb_row column_structure=\u00bb1_2,1_2&#8243; _builder_version=\u00bb4.22.2&#8243; _module_preset=\u00bbdefault\u00bb max_width=\u00bb1245px\u00bb custom_margin=\u00bb||5%||false|false\u00bb animation_style=\u00bbslide\u00bb animation_direction=\u00bbtop\u00bb animation_duration=\u00bb650ms\u00bb animation_delay=\u00bb300ms\u00bb animation_intensity_slide=\u00bb8%\u00bb global_colors_info=\u00bb{}\u00bb][et_pb_column type=\u00bb1_2&#8243; _builder_version=\u00bb4.22.2&#8243; _module_preset=\u00bbdefault\u00bb global_colors_info=\u00bb{}\u00bb][et_pb_image src=\u00bbhttps:\/\/www.jydcalefacciones.cl\/wp-content\/uploads\/2025\/12\/sello-verde.png\u00bb title_text=\u00bbsello-verde\u00bb _builder_version=\u00bb4.22.2&#8243; _module_preset=\u00bbdefault\u00bb width=\u00bb33%\u00bb width_tablet=\u00bb33%\u00bb width_phone=\u00bb59%\u00bb width_last_edited=\u00bbon|phone\u00bb module_alignment=\u00bbcenter\u00bb global_colors_info=\u00bb{}\u00bb][\/et_pb_image][\/et_pb_column][et_pb_column type=\u00bb1_2&#8243; _builder_version=\u00bb4.22.2&#8243; _module_preset=\u00bbdefault\u00bb global_colors_info=\u00bb{}\u00bb][et_pb_text _builder_version=\u00bb4.22.2&#8243; _module_preset=\u00bbdefault\u00bb header_3_font=\u00bbMontserrat|700|||||||\u00bb header_3_text_color=\u00bb#727272&#8243; header_3_font_size=\u00bb25px\u00bb custom_margin=\u00bb4%||||false|false\u00bb custom_padding=\u00bb|||3%|false|false\u00bb border_width_left=\u00bb4px\u00bb border_color_left=\u00bb#ff8600&#8243; global_colors_info=\u00bb{}\u00bb]<\/p>\n<h3>Renovaci\u00f3n de Sello Verde Gas:<\/h3>\n<p>[\/et_pb_text][et_pb_text _builder_version=\u00bb4.22.2&#8243; _module_preset=\u00bbdefault\u00bb text_font=\u00bbMontserrat||||||||\u00bb text_text_color=\u00bb#727272&#8243; text_font_size=\u00bb16px\u00bb global_colors_info=\u00bb{}\u00bb]<\/p>\n<p>Realizamos inspecci\u00f3n, certificaci\u00f3n y renovaci\u00f3n del Sello Verde SEC, garantizando instalaciones seguras, reguladas y funcionando seg\u00fan normativa legal vigente.<\/p>\n<p>[\/et_pb_text][\/et_pb_column][\/et_pb_row][et_pb_row column_structure=\u00bb1_2,1_2&#8243; _builder_version=\u00bb4.22.2&#8243; _module_preset=\u00bbdefault\u00bb max_width=\u00bb1245px\u00bb custom_margin=\u00bb||5%||false|false\u00bb animation_style=\u00bbslide\u00bb animation_direction=\u00bbtop\u00bb animation_duration=\u00bb650ms\u00bb animation_delay=\u00bb300ms\u00bb animation_intensity_slide=\u00bb8%\u00bb global_colors_info=\u00bb{}\u00bb][et_pb_column type=\u00bb1_2&#8243; _builder_version=\u00bb4.22.2&#8243; _module_preset=\u00bbdefault\u00bb global_colors_info=\u00bb{}\u00bb][et_pb_text _builder_version=\u00bb4.22.2&#8243; _module_preset=\u00bbdefault\u00bb header_3_font=\u00bbMontserrat|700|||||||\u00bb header_3_text_color=\u00bb#727272&#8243; header_3_font_size=\u00bb25px\u00bb custom_margin=\u00bb6%||||false|false\u00bb custom_padding=\u00bb|||3%|false|false\u00bb border_width_left=\u00bb4px\u00bb border_color_left=\u00bb#ff8600&#8243; global_colors_info=\u00bb{}\u00bb]<\/p>\n<h3>Inspecci\u00f3n de Gas:<\/h3>\n<p>[\/et_pb_text][et_pb_text _builder_version=\u00bb4.22.2&#8243; _module_preset=\u00bbdefault\u00bb text_font=\u00bbMontserrat||||||||\u00bb text_text_color=\u00bb#727272&#8243; text_font_size=\u00bb16px\u00bb global_colors_info=\u00bb{}\u00bb]<\/p>\n<p>Contamos con expertos certificados para realizar inspecci\u00f3n de gas, evaluando el estado de tus instalaciones, detectando fugas, verificando la ventilaci\u00f3n y asegurando el cumplimiento de las normas vigentes. Este servicio garantiza espacios seguros y operativos, evitando riesgos y asegurando la correcta certificaci\u00f3n de tus equipos.<\/p>\n<p>[\/et_pb_text][\/et_pb_column][et_pb_column type=\u00bb1_2&#8243; _builder_version=\u00bb4.22.2&#8243; _module_preset=\u00bbdefault\u00bb global_colors_info=\u00bb{}\u00bb][et_pb_image src=\u00bbhttps:\/\/www.jydcalefacciones.cl\/wp-content\/uploads\/2025\/12\/47ac1cc3-5ec2-4442-bdea-4512e482652b-scaled.jpg\u00bb title_text=\u00bb47ac1cc3-5ec2-4442-bdea-4512e482652b\u00bb _builder_version=\u00bb4.22.2&#8243; _module_preset=\u00bbdefault\u00bb width=\u00bb42%\u00bb width_tablet=\u00bb42%\u00bb width_phone=\u00bb80%\u00bb width_last_edited=\u00bbon|phone\u00bb module_alignment=\u00bbcenter\u00bb global_colors_info=\u00bb{}\u00bb][\/et_pb_image][\/et_pb_column][\/et_pb_row][et_pb_row column_structure=\u00bb1_2,1_2&#8243; _builder_version=\u00bb4.22.2&#8243; _module_preset=\u00bbdefault\u00bb max_width=\u00bb1245px\u00bb custom_margin=\u00bb||5%||false|false\u00bb animation_style=\u00bbslide\u00bb animation_direction=\u00bbtop\u00bb animation_duration=\u00bb650ms\u00bb animation_delay=\u00bb300ms\u00bb animation_intensity_slide=\u00bb8%\u00bb global_colors_info=\u00bb{}\u00bb][et_pb_column type=\u00bb1_2&#8243; _builder_version=\u00bb4.22.2&#8243; _module_preset=\u00bbdefault\u00bb global_colors_info=\u00bb{}\u00bb][et_pb_image src=\u00bbhttps:\/\/www.jydcalefacciones.cl\/wp-content\/uploads\/2025\/12\/vector_50754-scaled.jpg\u00bb title_text=\u00bbGas boiler icon in comic style. Heater cartoon vector illustration on isolated background. Boiling splash effect sign business concept.\u00bb _builder_version=\u00bb4.22.2&#8243; _module_preset=\u00bbdefault\u00bb width=\u00bb40%\u00bb width_tablet=\u00bb40%\u00bb width_phone=\u00bb69%\u00bb width_last_edited=\u00bbon|phone\u00bb module_alignment=\u00bbcenter\u00bb custom_margin=\u00bb0px||||false|false\u00bb custom_padding=\u00bb0px||||false|false\u00bb global_colors_info=\u00bb{}\u00bb][\/et_pb_image][\/et_pb_column][et_pb_column type=\u00bb1_2&#8243; _builder_version=\u00bb4.22.2&#8243; _module_preset=\u00bbdefault\u00bb global_colors_info=\u00bb{}\u00bb][et_pb_text _builder_version=\u00bb4.22.2&#8243; _module_preset=\u00bbdefault\u00bb header_3_font=\u00bbMontserrat|700|||||||\u00bb header_3_text_color=\u00bb#727272&#8243; header_3_font_size=\u00bb25px\u00bb custom_margin=\u00bb6%||||false|false\u00bb custom_padding=\u00bb|||3%|false|false\u00bb border_width_left=\u00bb4px\u00bb border_color_left=\u00bb#ff8600&#8243; global_colors_info=\u00bb{}\u00bb]<\/p>\n<h3>Servicio T\u00e9cnico en Calefacci\u00f3n para Hogares y Empresas:<\/h3>\n<p>[\/et_pb_text][et_pb_text _builder_version=\u00bb4.22.2&#8243; _module_preset=\u00bbdefault\u00bb text_font=\u00bbMontserrat||||||||\u00bb text_text_color=\u00bb#727272&#8243; text_font_size=\u00bb16px\u00bb global_colors_info=\u00bb{}\u00bb]<\/p>\n<p>Atendemos sistemas de calefacci\u00f3n central, equipos murales, estanques, termostatos y m\u00e1s. Ideal para casas, departamentos, hoteles, oficinas, instituciones y empresas.<\/p>\n<p>[\/et_pb_text][\/et_pb_column][\/et_pb_row][et_pb_row column_structure=\u00bb1_2,1_2&#8243; custom_padding_last_edited=\u00bbon|phone\u00bb _builder_version=\u00bb4.22.2&#8243; _module_preset=\u00bbdefault\u00bb max_width=\u00bb1245px\u00bb custom_margin=\u00bb||||false|false\u00bb custom_margin_tablet=\u00bb||||false|false\u00bb custom_margin_phone=\u00bb||0px||false|false\u00bb custom_margin_last_edited=\u00bbon|phone\u00bb custom_padding_tablet=\u00bb\u00bb custom_padding_phone=\u00bb||0px||false|false\u00bb animation_style=\u00bbslide\u00bb animation_direction=\u00bbtop\u00bb animation_duration=\u00bb650ms\u00bb animation_delay=\u00bb300ms\u00bb animation_intensity_slide=\u00bb8%\u00bb global_colors_info=\u00bb{}\u00bb][et_pb_column type=\u00bb1_2&#8243; _builder_version=\u00bb4.22.2&#8243; _module_preset=\u00bbdefault\u00bb global_colors_info=\u00bb{}\u00bb][et_pb_text _builder_version=\u00bb4.22.2&#8243; _module_preset=\u00bbdefault\u00bb header_3_font=\u00bbMontserrat|700|||||||\u00bb header_3_text_color=\u00bb#727272&#8243; header_3_font_size=\u00bb25px\u00bb custom_margin=\u00bb6%||||false|false\u00bb custom_padding=\u00bb|||3%|false|false\u00bb border_width_left=\u00bb4px\u00bb border_color_left=\u00bb#ff8600&#8243; global_colors_info=\u00bb{}\u00bb]<\/p>\n<h3>Atenci\u00f3n de Emergencias:<\/h3>\n<p>[\/et_pb_text][et_pb_text _builder_version=\u00bb4.22.2&#8243; _module_preset=\u00bbdefault\u00bb text_font=\u00bbMontserrat||||||||\u00bb text_text_color=\u00bb#727272&#8243; text_font_size=\u00bb16px\u00bb global_colors_info=\u00bb{}\u00bb]<\/p>\n<p>Respuesta r\u00e1pida y prioritaria para fugas, fallas cr\u00edticas o equipos sin funcionamiento.<\/p>\n<p>[\/et_pb_text][\/et_pb_column][et_pb_column type=\u00bb1_2&#8243; _builder_version=\u00bb4.22.2&#8243; _module_preset=\u00bbdefault\u00bb global_colors_info=\u00bb{}\u00bb][et_pb_image src=\u00bbhttps:\/\/www.jydcalefacciones.cl\/wp-content\/uploads\/2025\/12\/81754750_Vector-51898-scaled-e1765301764303.jpg\u00bb title_text=\u00bbEmergency alarm icon in comic style. Alert lamp cartoon vector illustration on isolated background. Police urgency splash effect sign business concept.\u00bb _builder_version=\u00bb4.22.2&#8243; _module_preset=\u00bbdefault\u00bb width=\u00bb42%\u00bb width_tablet=\u00bb42%\u00bb width_phone=\u00bb86%\u00bb width_last_edited=\u00bbon|phone\u00bb module_alignment=\u00bbcenter\u00bb global_colors_info=\u00bb{}\u00bb][\/et_pb_image][\/et_pb_column][\/et_pb_row][\/et_pb_section][et_pb_section fb_built=\u00bb1&#8243; module_id=\u00bb5&#8243; _builder_version=\u00bb4.22.2&#8243; _module_preset=\u00bbdefault\u00bb custom_margin=\u00bb||0px||false|false\u00bb custom_padding=\u00bb||0px||false|false\u00bb global_colors_info=\u00bb{}\u00bb][et_pb_row _builder_version=\u00bb4.22.2&#8243; _module_preset=\u00bbdefault\u00bb background_color=\u00bb#ff8600&#8243; width=\u00bb100%\u00bb max_width=\u00bb2560px\u00bb custom_margin=\u00bb||0px||false|false\u00bb custom_padding=\u00bb||||false|false\u00bb global_colors_info=\u00bb{}\u00bb][et_pb_column type=\u00bb4_4&#8243; _builder_version=\u00bb4.22.2&#8243; _module_preset=\u00bbdefault\u00bb global_colors_info=\u00bb{}\u00bb][et_pb_text _builder_version=\u00bb4.22.2&#8243; _module_preset=\u00bbdefault\u00bb text_font=\u00bb|800|||||||\u00bb text_text_color=\u00bb#FFFFFF\u00bb header_2_font=\u00bbMontserrat|500|||||||\u00bb header_2_text_align=\u00bbcenter\u00bb header_2_text_color=\u00bb#FFFFFF\u00bb header_2_font_size=\u00bb38px\u00bb header_2_letter_spacing=\u00bb4px\u00bb custom_margin=\u00bb10px||||false|false\u00bb header_2_font_size_tablet=\u00bb38px\u00bb header_2_font_size_phone=\u00bb35px\u00bb header_2_font_size_last_edited=\u00bbon|phone\u00bb header_2_text_shadow_style=\u00bbpreset1&#8243; global_colors_info=\u00bb{}\u00bb]<\/p>\n<h2>Cont\u00e1ctanos<\/h2>\n<p>[\/et_pb_text][\/et_pb_column][\/et_pb_row][\/et_pb_section][et_pb_section fb_built=\u00bb1&#8243; _builder_version=\u00bb4.22.2&#8243; _module_preset=\u00bbdefault\u00bb background_image=\u00bbhttps:\/\/www.jydcalefacciones.cl\/wp-content\/uploads\/2025\/12\/hombre-limpieza-estufa-de-pellets-con-cepillo-scaled.jpg\u00bb parallax=\u00bbon\u00bb parallax_method=\u00bboff\u00bb custom_margin=\u00bb0px||0px||false|false\u00bb custom_padding=\u00bb0px||0px||false|false\u00bb global_colors_info=\u00bb{}\u00bb][et_pb_row column_structure=\u00bb1_2,1_2&#8243; _builder_version=\u00bb4.22.2&#8243; _module_preset=\u00bbdefault\u00bb max_width=\u00bb1245px\u00bb custom_margin=\u00bb0px||||false|false\u00bb custom_padding=\u00bb6%||6%||false|false\u00bb global_colors_info=\u00bb{}\u00bb][et_pb_column type=\u00bb1_2&#8243; _builder_version=\u00bb4.22.2&#8243; _module_preset=\u00bbdefault\u00bb global_colors_info=\u00bb{}\u00bb][et_pb_blurb title=\u00bbCalle Llanquihue 28, Poblaci\u00f3n Alerce, Puerto Montt\u00bb use_icon=\u00bbon\u00bb font_icon=\u00bb&#xf041;||fa||900&#8243; icon_color=\u00bb#ff8600&#8243; image_icon_width=\u00bb52px\u00bb _builder_version=\u00bb4.22.2&#8243; _module_preset=\u00bbdefault\u00bb header_font=\u00bbMontserrat||||||||\u00bb header_text_color=\u00bb#727272&#8243; background_color=\u00bb#FFFFFF\u00bb custom_margin=\u00bb15%|2%||2%|false|false\u00bb custom_margin_tablet=\u00bb15%|2%||2%|false|false\u00bb custom_margin_phone=\u00bb15%|1%||1%|false|false\u00bb custom_margin_last_edited=\u00bbon|phone\u00bb custom_padding=\u00bb2%||2%|4%|true|false\u00bb custom_padding_tablet=\u00bb2%||2%|4%|true|false\u00bb custom_padding_phone=\u00bb2%|2%|2%|6%|true|false\u00bb custom_padding_last_edited=\u00bbon|phone\u00bb header_font_size_tablet=\u00bb\u00bb header_font_size_phone=\u00bb17px\u00bb header_font_size_last_edited=\u00bbon|phone\u00bb border_color_all=\u00bb#ff8600&#8243; border_width_left=\u00bb4px\u00bb global_colors_info=\u00bb{}\u00bb][\/et_pb_blurb][et_pb_blurb use_icon=\u00bbon\u00bb font_icon=\u00bb&#xf232;||fa||400&#8243; icon_color=\u00bb#ff8600&#8243; icon_placement=\u00bbleft\u00bb image_icon_width=\u00bb42px\u00bb _builder_version=\u00bb4.22.2&#8243; _module_preset=\u00bbdefault\u00bb header_font=\u00bbMontserrat||||||||\u00bb header_text_color=\u00bb#727272&#8243; body_font=\u00bbMontserrat||||||||\u00bb body_text_color=\u00bb#727272&#8243; body_font_size=\u00bb18px\u00bb body_line_height=\u00bb2.4em\u00bb background_color=\u00bb#FFFFFF\u00bb custom_margin=\u00bb|2%||2%|false|false\u00bb custom_padding=\u00bb2%||2%|4%|true|false\u00bb body_font_size_tablet=\u00bb18px\u00bb body_font_size_phone=\u00bb17px\u00bb body_font_size_last_edited=\u00bbon|phone\u00bb border_color_all=\u00bb#ff8600&#8243; border_width_left=\u00bb4px\u00bb border_width_right_image=\u00bb10px\u00bb border_color_right_image=\u00bb#FFFFFF\u00bb border_width_left_image=\u00bb11px\u00bb border_color_left_image=\u00bb#FFFFFF\u00bb global_colors_info=\u00bb{}\u00bb]<\/p>\n<p><a href=\"https:\/\/wa.me\/56982684967\" target=\"_blank\" rel=\"noopener\" style=\"color: #727272; text-decoration: none;\">+56 9 8268 4967<\/a><\/p>\n<p>[\/et_pb_blurb][et_pb_blurb use_icon=\u00bbon\u00bb font_icon=\u00bb&#xe010;||divi||400&#8243; icon_color=\u00bb#ff8600&#8243; icon_placement=\u00bbleft\u00bb image_icon_width=\u00bb42px\u00bb _builder_version=\u00bb4.22.2&#8243; _module_preset=\u00bbdefault\u00bb header_font=\u00bbMontserrat||||||||\u00bb header_text_color=\u00bb#727272&#8243; body_font=\u00bbMontserrat||||||||\u00bb body_text_color=\u00bb#727272&#8243; body_font_size=\u00bb18px\u00bb body_line_height=\u00bb2.4em\u00bb background_color=\u00bb#FFFFFF\u00bb custom_margin=\u00bb|2%||2%|false|false\u00bb custom_padding=\u00bb2%||2%|4%|true|false\u00bb body_font_size_tablet=\u00bb18px\u00bb body_font_size_phone=\u00bb17px\u00bb body_font_size_last_edited=\u00bbon|phone\u00bb border_color_all=\u00bb#ff8600&#8243; border_width_left=\u00bb4px\u00bb border_width_right_image=\u00bb10px\u00bb border_color_right_image=\u00bb#FFFFFF\u00bb border_width_left_image=\u00bb6px\u00bb border_color_left_image=\u00bb#FFFFFF\u00bb global_colors_info=\u00bb{}\u00bb]<\/p>\n<p><a href=\"mailto:josegodoy_82@live.cl\" style=\"color: #727272; text-decoration: none;\"><span>josegodoy_82@live.cl<\/span><\/a><\/p>\n<p>[\/et_pb_blurb][\/et_pb_column][et_pb_column type=\u00bb1_2&#8243; _builder_version=\u00bb4.22.2&#8243; _module_preset=\u00bbdefault\u00bb background_color=\u00bb#FFFFFF\u00bb border_width_all=\u00bb15px\u00bb border_color_all=\u00bb#ff8600&#8243; global_colors_info=\u00bb{}\u00bb][et_pb_contact_form use_spam_service=\u00bbon\u00bb recaptcha_list=\u00bbcaptcha portales|captcha portales-0&#8243; email=\u00bbjosegodoy_82@live.cl\u00bb custom_message=\u00bbHola,||et_pb_line_break_holder||||et_pb_line_break_holder||Has recibido un mensaje a trav\u00e9s del formulario de contacto de tu sitio web jydcalefaccion. Aqu\u00ed los detalles:||et_pb_line_break_holder||||et_pb_line_break_holder||Nombre: %%Name%%||et_pb_line_break_holder||Correo: %%Email%%||et_pb_line_break_holder||Tel\u00e9fono: %%Tel\u00e9fono%%||et_pb_line_break_holder||Servicio: %%Servicio%%||et_pb_line_break_holder||Mensaje: %%Message%%||et_pb_line_break_holder||\u00bb success_message=\u00bbSu mensaje ha sido enviado con \u00e9xito. En breve nuestro equipo se pondr\u00e1 en contacto con usted.\u00bb submit_button_text=\u00bbEnviar\u00bb _builder_version=\u00bb4.27.5&#8243; _module_preset=\u00bbdefault\u00bb _unique_id=\u00bbb74d4541-3638-47ef-bb48-df4299a7dd2e\u00bb form_field_text_color=\u00bb#000000&#8243; form_field_font=\u00bbMontserrat|500|||||||\u00bb form_field_font_size=\u00bb14px\u00bb form_field_line_height=\u00bb1.8em\u00bb custom_button=\u00bbon\u00bb button_text_size=\u00bb21px\u00bb button_text_color=\u00bb#ff8600&#8243; button_border_radius=\u00bb0px\u00bb button_font=\u00bbMontserrat||||||||\u00bb button_custom_margin=\u00bb10%||||false|false\u00bb custom_margin=\u00bb3%|2%|3%|2%|true|true\u00bb hover_enabled=\u00bb0&#8243; global_colors_info=\u00bb{}\u00bb sticky_enabled=\u00bb0&#8243;][et_pb_contact_field field_id=\u00bbName\u00bb field_title=\u00bbNombre\u00bb allowed_symbols=\u00bbletters\u00bb fullwidth_field=\u00bbon\u00bb _builder_version=\u00bb4.22.2&#8243; global_colors_info=\u00bb{}\u00bb button_text_size__hover_enabled=\u00bboff\u00bb button_one_text_size__hover_enabled=\u00bboff\u00bb button_two_text_size__hover_enabled=\u00bboff\u00bb button_text_color__hover_enabled=\u00bboff\u00bb button_one_text_color__hover_enabled=\u00bboff\u00bb button_two_text_color__hover_enabled=\u00bboff\u00bb button_border_width__hover_enabled=\u00bboff\u00bb button_one_border_width__hover_enabled=\u00bboff\u00bb button_two_border_width__hover_enabled=\u00bboff\u00bb button_border_color__hover_enabled=\u00bboff\u00bb button_one_border_color__hover_enabled=\u00bboff\u00bb button_two_border_color__hover_enabled=\u00bboff\u00bb button_border_radius__hover_enabled=\u00bboff\u00bb button_one_border_radius__hover_enabled=\u00bboff\u00bb button_two_border_radius__hover_enabled=\u00bboff\u00bb button_letter_spacing__hover_enabled=\u00bboff\u00bb button_one_letter_spacing__hover_enabled=\u00bboff\u00bb button_two_letter_spacing__hover_enabled=\u00bboff\u00bb button_bg_color__hover_enabled=\u00bboff\u00bb button_one_bg_color__hover_enabled=\u00bboff\u00bb button_two_bg_color__hover_enabled=\u00bboff\u00bb][\/et_pb_contact_field][et_pb_contact_field field_id=\u00bbEmail\u00bb field_title=\u00bbDirecci\u00f3n de correo electr\u00f3nico\u00bb field_type=\u00bbemail\u00bb _builder_version=\u00bb4.22.2&#8243; global_colors_info=\u00bb{}\u00bb button_text_size__hover_enabled=\u00bboff\u00bb button_one_text_size__hover_enabled=\u00bboff\u00bb button_two_text_size__hover_enabled=\u00bboff\u00bb button_text_color__hover_enabled=\u00bboff\u00bb button_one_text_color__hover_enabled=\u00bboff\u00bb button_two_text_color__hover_enabled=\u00bboff\u00bb button_border_width__hover_enabled=\u00bboff\u00bb button_one_border_width__hover_enabled=\u00bboff\u00bb button_two_border_width__hover_enabled=\u00bboff\u00bb button_border_color__hover_enabled=\u00bboff\u00bb button_one_border_color__hover_enabled=\u00bboff\u00bb button_two_border_color__hover_enabled=\u00bboff\u00bb button_border_radius__hover_enabled=\u00bboff\u00bb button_one_border_radius__hover_enabled=\u00bboff\u00bb button_two_border_radius__hover_enabled=\u00bboff\u00bb button_letter_spacing__hover_enabled=\u00bboff\u00bb button_one_letter_spacing__hover_enabled=\u00bboff\u00bb button_two_letter_spacing__hover_enabled=\u00bboff\u00bb button_bg_color__hover_enabled=\u00bboff\u00bb button_one_bg_color__hover_enabled=\u00bboff\u00bb button_two_bg_color__hover_enabled=\u00bboff\u00bb][\/et_pb_contact_field][et_pb_contact_field field_id=\u00bbTel\u00e9fono\u00bb field_title=\u00bbTel\u00e9fono\u00bb allowed_symbols=\u00bbnumbers\u00bb _builder_version=\u00bb4.22.2&#8243; _module_preset=\u00bbdefault\u00bb global_colors_info=\u00bb{}\u00bb][\/et_pb_contact_field][et_pb_contact_field field_id=\u00bbServicio\u00bb field_title=\u00bbServicio\u00bb field_type=\u00bbselect\u00bb select_options=\u00bb%91{%22value%22:%22Instalaci\u00f3n de Calefont%22,%22checked%22:0,%22dragID%22:-1},{%22value%22:%22Reparaci\u00f3n de Calefont%22,%22checked%22:0,%22dragID%22:0},{%22value%22:%22Mantenci\u00f3n de Calefont%22,%22checked%22:0,%22dragID%22:2},{%22value%22:%22Instalaci\u00f3n de Calderas a Gas%22,%22checked%22:0,%22dragID%22:3},{%22value%22:%22Reparaci\u00f3n de Calderas a Gas%22,%22checked%22:0,%22dragID%22:4},{%22value%22:%22Mantenci\u00f3n de Calderas a Gas%22,%22checked%22:0,%22dragID%22:5},{%22value%22:%22Instalaci\u00f3n de Estufas a Pellet%22,%22checked%22:0,%22dragID%22:6},{%22value%22:%22Reparaci\u00f3n de Estufas a Pellet%22,%22checked%22:0,%22dragID%22:7},{%22value%22:%22Mantenci\u00f3n de Estufas a Pellet%22,%22checked%22:0,%22dragID%22:8},{%22value%22:%22Instalaci\u00f3n de Aire Acondicionado%22,%22checked%22:0,%22dragID%22:9},{%22value%22:%22Reparaci\u00f3n de Aire Acondicionado%22,%22checked%22:0,%22dragID%22:11},{%22value%22:%22Mantenci\u00f3n de Aire Acondicionado%22,%22checked%22:0,%22dragID%22:12},{%22value%22:%22Renovaci\u00f3n de Sello Verde Gas%22,%22checked%22:0,%22dragID%22:13},{%22value%22:%22Inspecci\u00f3n de Gas%22,%22checked%22:0,%22dragID%22:14},{%22value%22:%22Servicio T\u00e9cnico en Calefacci\u00f3n%22,%22checked%22:0,%22dragID%22:15},{%22value%22:%22Atenci\u00f3n de Emergencias%22,%22checked%22:0,%22dragID%22:16}%93&#8243; fullwidth_field=\u00bbon\u00bb _builder_version=\u00bb4.22.2&#8243; _module_preset=\u00bbdefault\u00bb global_colors_info=\u00bb{}\u00bb][\/et_pb_contact_field][et_pb_contact_field field_id=\u00bbMessage\u00bb field_title=\u00bbMensaje\u00bb field_type=\u00bbtext\u00bb fullwidth_field=\u00bbon\u00bb _builder_version=\u00bb4.16&#8243; global_colors_info=\u00bb{}\u00bb button_text_size__hover_enabled=\u00bboff\u00bb button_one_text_size__hover_enabled=\u00bboff\u00bb button_two_text_size__hover_enabled=\u00bboff\u00bb button_text_color__hover_enabled=\u00bboff\u00bb button_one_text_color__hover_enabled=\u00bboff\u00bb button_two_text_color__hover_enabled=\u00bboff\u00bb button_border_width__hover_enabled=\u00bboff\u00bb button_one_border_width__hover_enabled=\u00bboff\u00bb button_two_border_width__hover_enabled=\u00bboff\u00bb button_border_color__hover_enabled=\u00bboff\u00bb button_one_border_color__hover_enabled=\u00bboff\u00bb button_two_border_color__hover_enabled=\u00bboff\u00bb button_border_radius__hover_enabled=\u00bboff\u00bb button_one_border_radius__hover_enabled=\u00bboff\u00bb button_two_border_radius__hover_enabled=\u00bboff\u00bb button_letter_spacing__hover_enabled=\u00bboff\u00bb button_one_letter_spacing__hover_enabled=\u00bboff\u00bb button_two_letter_spacing__hover_enabled=\u00bboff\u00bb button_bg_color__hover_enabled=\u00bboff\u00bb button_one_bg_color__hover_enabled=\u00bboff\u00bb button_two_bg_color__hover_enabled=\u00bboff\u00bb][\/et_pb_contact_field][\/et_pb_contact_form][\/et_pb_column][\/et_pb_row][\/et_pb_section][et_pb_section fb_built=\u00bb1&#8243; _builder_version=\u00bb4.22.2&#8243; _module_preset=\u00bbdefault\u00bb background_color=\u00bb#000000&#8243; background_enable_image=\u00bboff\u00bb parallax=\u00bbon\u00bb parallax_method=\u00bboff\u00bb custom_margin=\u00bb0px||0px||false|false\u00bb custom_padding=\u00bb0px||0px||false|false\u00bb global_colors_info=\u00bb{}\u00bb][et_pb_row _builder_version=\u00bb4.22.2&#8243; _module_preset=\u00bbdefault\u00bb width=\u00bb100%\u00bb max_width=\u00bb2560px\u00bb custom_margin=\u00bb0px||0px||false|false\u00bb custom_padding=\u00bb0px||0px||false|false\u00bb global_colors_info=\u00bb{}\u00bb][et_pb_column type=\u00bb4_4&#8243; _builder_version=\u00bb4.22.2&#8243; _module_preset=\u00bbdefault\u00bb global_colors_info=\u00bb{}\u00bb][et_pb_code _builder_version=\u00bb4.22.2&#8243; _module_preset=\u00bbdefault\u00bb global_colors_info=\u00bb{}\u00bb]<iframe src=\"https:\/\/www.google.com\/maps\/embed?pb=!1m14!1m8!1m3!1d11959.284278702862!2d-72.920632!3d-41.464796!3m2!1i1024!2i768!4f13.1!3m3!1m2!1s0x96183a60ea31aa65%3A0x91bb674d92cae8b8!2sLlanquihue%2028%2C%205501572%20Puerto%20Montt%2C%20Los%20Lagos!5e0!3m2!1ses-419!2scl!4v1764830640084!5m2!1ses-419!2scl\" width=\"1900\" height=\"350\" style=\"border:0;\" allowfullscreen=\"\" loading=\"lazy\" referrerpolicy=\"no-referrer-when-downgrade\"><\/iframe>[\/et_pb_code][\/et_pb_column][\/et_pb_row][\/et_pb_section]<\/p>\n","protected":false},"excerpt":{"rendered":"<p>Expertos en Calefacci\u00f3n y Gas en Puerto Montt Seguridad, eficiencia y soluciones que duran m\u00e1s.Tu hogar c\u00e1lido y seguro, con t\u00e9cnicos certificados en calefacci\u00f3n.Expertos en calefacci\u00f3n y gas con certificaci\u00f3n SEC\u00a1Cont\u00e1ctanos por WhatsApp para agendar tu visita t\u00e9cnica de forma r\u00e1pida y segura!Realizamos reparaci\u00f3n de calefont, reparaci\u00f3n de calderas, mantenci\u00f3n de estufas a pellet, renovaci\u00f3n [&hellip;]<\/p>\n","protected":false},"author":1,"featured_media":0,"parent":0,"menu_order":0,"comment_status":"closed","ping_status":"closed","template":"","meta":{"_et_pb_use_builder":"on","_et_pb_old_content":"","_et_gb_content_width":"","footnotes":""},"class_list":["post-6","page","type-page","status-publish","hentry"],"yoast_head":"<!-- This site is optimized with the Yoast SEO plugin v27.5 - https:\/\/yoast.com\/product\/yoast-seo-wordpress\/ -->\n<title>Servicio T\u00e9cnico Junkers , Reparaci\u00f3n y Mantenci\u00f3n de Calefont y Calderas Puerto Montt-\u00a0 JYD<\/title>\n<meta name=\"description\" content=\"Instalaci\u00f3n y Mantenci\u00f3n de Campanas, regularizaciones a gas licuado, obtenci\u00f3n de Sello verde tc-6, instalador SEC, Instalaci\u00f3n , reparaci\u00f3n y mantenci\u00f3n de termos el\u00e9ctricos, red de gas en Puerto Montt.\" \/>\n<meta name=\"robots\" content=\"index, follow, max-snippet:-1, max-image-preview:large, max-video-preview:-1\" \/>\n<link rel=\"canonical\" href=\"https:\/\/www.jydcalefacciones.cl\/\" \/>\n<meta property=\"og:locale\" content=\"es_ES\" \/>\n<meta property=\"og:type\" content=\"article\" \/>\n<meta property=\"og:title\" content=\"Servicio T\u00e9cnico Junkers , Reparaci\u00f3n y Mantenci\u00f3n de Calefont y Calderas Puerto Montt-\u00a0 JYD\" \/>\n<meta property=\"og:description\" content=\"Instalaci\u00f3n y Mantenci\u00f3n de Campanas, regularizaciones a gas licuado, obtenci\u00f3n de Sello verde tc-6, instalador SEC, Instalaci\u00f3n , reparaci\u00f3n y mantenci\u00f3n de termos el\u00e9ctricos, red de gas en Puerto Montt.\" \/>\n<meta property=\"og:url\" content=\"https:\/\/www.jydcalefacciones.cl\/\" \/>\n<meta property=\"og:site_name\" content=\"jydcalefaccioncl\" \/>\n<meta property=\"article:modified_time\" content=\"2026-02-17T17:02:33+00:00\" \/>\n<meta property=\"og:image\" content=\"https:\/\/www.jydcalefacciones.cl\/wp-content\/uploads\/2025\/12\/LOGO_URSUS_NEGRO.png\" \/>\n<meta name=\"twitter:card\" content=\"summary_large_image\" \/>\n<meta name=\"twitter:label1\" content=\"Tiempo de lectura\" \/>\n\t<meta name=\"twitter:data1\" content=\"8 minutos\" \/>\n<script type=\"application\/ld+json\" class=\"yoast-schema-graph\">{\"@context\":\"https:\\\/\\\/schema.org\",\"@graph\":[{\"@type\":\"WebPage\",\"@id\":\"https:\\\/\\\/www.jydcalefacciones.cl\\\/\",\"url\":\"https:\\\/\\\/www.jydcalefacciones.cl\\\/\",\"name\":\"Servicio T\u00e9cnico Junkers , Reparaci\u00f3n y Mantenci\u00f3n de Calefont y Calderas Puerto Montt-\u00a0 JYD\",\"isPartOf\":{\"@id\":\"https:\\\/\\\/www.jydcalefacciones.cl\\\/#website\"},\"primaryImageOfPage\":{\"@id\":\"https:\\\/\\\/www.jydcalefacciones.cl\\\/#primaryimage\"},\"image\":{\"@id\":\"https:\\\/\\\/www.jydcalefacciones.cl\\\/#primaryimage\"},\"thumbnailUrl\":\"https:\\\/\\\/www.jydcalefacciones.cl\\\/wp-content\\\/uploads\\\/2025\\\/12\\\/LOGO_URSUS_NEGRO.png\",\"datePublished\":\"2025-12-04T06:21:42+00:00\",\"dateModified\":\"2026-02-17T17:02:33+00:00\",\"description\":\"Instalaci\u00f3n y Mantenci\u00f3n de Campanas, regularizaciones a gas licuado, obtenci\u00f3n de Sello verde tc-6, instalador SEC, Instalaci\u00f3n , reparaci\u00f3n y mantenci\u00f3n de termos el\u00e9ctricos, red de gas en Puerto Montt.\",\"breadcrumb\":{\"@id\":\"https:\\\/\\\/www.jydcalefacciones.cl\\\/#breadcrumb\"},\"inLanguage\":\"es\",\"potentialAction\":[{\"@type\":\"ReadAction\",\"target\":[\"https:\\\/\\\/www.jydcalefacciones.cl\\\/\"]}]},{\"@type\":\"ImageObject\",\"inLanguage\":\"es\",\"@id\":\"https:\\\/\\\/www.jydcalefacciones.cl\\\/#primaryimage\",\"url\":\"https:\\\/\\\/www.jydcalefacciones.cl\\\/wp-content\\\/uploads\\\/2025\\\/12\\\/LOGO_URSUS_NEGRO.png\",\"contentUrl\":\"https:\\\/\\\/www.jydcalefacciones.cl\\\/wp-content\\\/uploads\\\/2025\\\/12\\\/LOGO_URSUS_NEGRO.png\",\"width\":2323,\"height\":952},{\"@type\":\"BreadcrumbList\",\"@id\":\"https:\\\/\\\/www.jydcalefacciones.cl\\\/#breadcrumb\",\"itemListElement\":[{\"@type\":\"ListItem\",\"position\":1,\"name\":\"Portada\",\"item\":\"https:\\\/\\\/www.jydcalefacciones.cl\\\/\"},{\"@type\":\"ListItem\",\"position\":2,\"name\":\"Inicio\"}]},{\"@type\":\"WebSite\",\"@id\":\"https:\\\/\\\/www.jydcalefacciones.cl\\\/#website\",\"url\":\"https:\\\/\\\/www.jydcalefacciones.cl\\\/\",\"name\":\"jydcalefaccioncl\",\"description\":\"\",\"potentialAction\":[{\"@type\":\"SearchAction\",\"target\":{\"@type\":\"EntryPoint\",\"urlTemplate\":\"https:\\\/\\\/www.jydcalefacciones.cl\\\/?s={search_term_string}\"},\"query-input\":{\"@type\":\"PropertyValueSpecification\",\"valueRequired\":true,\"valueName\":\"search_term_string\"}}],\"inLanguage\":\"es\"}]}<\/script>\n<!-- \/ Yoast SEO plugin. -->","yoast_head_json":{"title":"Servicio T\u00e9cnico Junkers , Reparaci\u00f3n y Mantenci\u00f3n de Calefont y Calderas Puerto Montt-\u00a0 JYD","description":"Instalaci\u00f3n y Mantenci\u00f3n de Campanas, regularizaciones a gas licuado, obtenci\u00f3n de Sello verde tc-6, instalador SEC, Instalaci\u00f3n , reparaci\u00f3n y mantenci\u00f3n de termos el\u00e9ctricos, red de gas en Puerto Montt.","robots":{"index":"index","follow":"follow","max-snippet":"max-snippet:-1","max-image-preview":"max-image-preview:large","max-video-preview":"max-video-preview:-1"},"canonical":"https:\/\/www.jydcalefacciones.cl\/","og_locale":"es_ES","og_type":"article","og_title":"Servicio T\u00e9cnico Junkers , Reparaci\u00f3n y Mantenci\u00f3n de Calefont y Calderas Puerto Montt-\u00a0 JYD","og_description":"Instalaci\u00f3n y Mantenci\u00f3n de Campanas, regularizaciones a gas licuado, obtenci\u00f3n de Sello verde tc-6, instalador SEC, Instalaci\u00f3n , reparaci\u00f3n y mantenci\u00f3n de termos el\u00e9ctricos, red de gas en Puerto Montt.","og_url":"https:\/\/www.jydcalefacciones.cl\/","og_site_name":"jydcalefaccioncl","article_modified_time":"2026-02-17T17:02:33+00:00","og_image":[{"url":"https:\/\/www.jydcalefacciones.cl\/wp-content\/uploads\/2025\/12\/LOGO_URSUS_NEGRO.png","type":"","width":"","height":""}],"twitter_card":"summary_large_image","twitter_misc":{"Tiempo de lectura":"8 minutos"},"schema":{"@context":"https:\/\/schema.org","@graph":[{"@type":"WebPage","@id":"https:\/\/www.jydcalefacciones.cl\/","url":"https:\/\/www.jydcalefacciones.cl\/","name":"Servicio T\u00e9cnico Junkers , Reparaci\u00f3n y Mantenci\u00f3n de Calefont y Calderas Puerto Montt-\u00a0 JYD","isPartOf":{"@id":"https:\/\/www.jydcalefacciones.cl\/#website"},"primaryImageOfPage":{"@id":"https:\/\/www.jydcalefacciones.cl\/#primaryimage"},"image":{"@id":"https:\/\/www.jydcalefacciones.cl\/#primaryimage"},"thumbnailUrl":"https:\/\/www.jydcalefacciones.cl\/wp-content\/uploads\/2025\/12\/LOGO_URSUS_NEGRO.png","datePublished":"2025-12-04T06:21:42+00:00","dateModified":"2026-02-17T17:02:33+00:00","description":"Instalaci\u00f3n y Mantenci\u00f3n de Campanas, regularizaciones a gas licuado, obtenci\u00f3n de Sello verde tc-6, instalador SEC, Instalaci\u00f3n , reparaci\u00f3n y mantenci\u00f3n de termos el\u00e9ctricos, red de gas en Puerto Montt.","breadcrumb":{"@id":"https:\/\/www.jydcalefacciones.cl\/#breadcrumb"},"inLanguage":"es","potentialAction":[{"@type":"ReadAction","target":["https:\/\/www.jydcalefacciones.cl\/"]}]},{"@type":"ImageObject","inLanguage":"es","@id":"https:\/\/www.jydcalefacciones.cl\/#primaryimage","url":"https:\/\/www.jydcalefacciones.cl\/wp-content\/uploads\/2025\/12\/LOGO_URSUS_NEGRO.png","contentUrl":"https:\/\/www.jydcalefacciones.cl\/wp-content\/uploads\/2025\/12\/LOGO_URSUS_NEGRO.png","width":2323,"height":952},{"@type":"BreadcrumbList","@id":"https:\/\/www.jydcalefacciones.cl\/#breadcrumb","itemListElement":[{"@type":"ListItem","position":1,"name":"Portada","item":"https:\/\/www.jydcalefacciones.cl\/"},{"@type":"ListItem","position":2,"name":"Inicio"}]},{"@type":"WebSite","@id":"https:\/\/www.jydcalefacciones.cl\/#website","url":"https:\/\/www.jydcalefacciones.cl\/","name":"jydcalefaccioncl","description":"","potentialAction":[{"@type":"SearchAction","target":{"@type":"EntryPoint","urlTemplate":"https:\/\/www.jydcalefacciones.cl\/?s={search_term_string}"},"query-input":{"@type":"PropertyValueSpecification","valueRequired":true,"valueName":"search_term_string"}}],"inLanguage":"es"}]}},"_links":{"self":[{"href":"https:\/\/www.jydcalefacciones.cl\/index.php\/wp-json\/wp\/v2\/pages\/6","targetHints":{"allow":["GET"]}}],"collection":[{"href":"https:\/\/www.jydcalefacciones.cl\/index.php\/wp-json\/wp\/v2\/pages"}],"about":[{"href":"https:\/\/www.jydcalefacciones.cl\/index.php\/wp-json\/wp\/v2\/types\/page"}],"author":[{"embeddable":true,"href":"https:\/\/www.jydcalefacciones.cl\/index.php\/wp-json\/wp\/v2\/users\/1"}],"replies":[{"embeddable":true,"href":"https:\/\/www.jydcalefacciones.cl\/index.php\/wp-json\/wp\/v2\/comments?post=6"}],"version-history":[{"count":121,"href":"https:\/\/www.jydcalefacciones.cl\/index.php\/wp-json\/wp\/v2\/pages\/6\/revisions"}],"predecessor-version":[{"id":356,"href":"https:\/\/www.jydcalefacciones.cl\/index.php\/wp-json\/wp\/v2\/pages\/6\/revisions\/356"}],"wp:attachment":[{"href":"https:\/\/www.jydcalefacciones.cl\/index.php\/wp-json\/wp\/v2\/media?parent=6"}],"curies":[{"name":"wp","href":"https:\/\/api.w.org\/{rel}","templated":true}]}}